{"id":102932,"date":"2020-06-09T13:07:33","date_gmt":"2020-06-09T11:07:33","guid":{"rendered":"https:\/\/ledco.sk\/projekty\/led-osvetleni-ve-vyrobni-hale\/"},"modified":"2020-06-16T14:25:18","modified_gmt":"2020-06-16T12:25:18","slug":"led-osvetleni-ve-vyrobni-hale","status":"publish","type":"ledco_projects","link":"https:\/\/ledco.sk\/cs\/projekty\/led-osvetleni-ve-vyrobni-hale\/","title":{"rendered":"LED osv\u011btlen\u00ed ve v\u00fdrobn\u00ed hale"},"content":{"rendered":"\n    <section id=\"block_5ed6b290663a0\" class=\"section-transparent py-9 section  section-full-img align-full\">\n                <div class=\"container\">\n            <div class=\"row\">\n                <div class=\"col-12\">\n                            <div class=\"image-holder text-center\">\n                        <img decoding=\"async\" src=\"https:\/\/ledco.sk\/wp-content\/uploads\/2020\/06\/Saint_Gobain_6-1.jpg\" alt=\"\">\n                    <\/div>\n                        <\/div>\n            <\/div>\n        <\/div>\n            <\/section>\n\n\n    <section id=\"block_5ed6b334663a1\" class=\"section-transparent pt-9 section  section-text align-full\">\n        <div class=\"container\">\n            <div class=\"row justify-content-center\">\n                <div class=\"col-lg-9\">\n                                        <p>V projektov\u00e9 f\u00e1zi bylo \u00fakolem posoudit technick\u00fd stav a intenzitu pr\u016fm\u011brn\u00e9ho osv\u011btlen\u00ed ve v\u00fdrobn\u011b skladov\u00fdch prostorech. Jeliko\u017e se jedn\u00e1 o v\u00fdrobu, kde jsou vysok\u00e9 po\u017eadavky na kvalitu osv\u011btlen\u00ed, p\u0159istupovali jsme k \u00fakolu zodpov\u011bdn\u011b, aby n\u00e1vrh nov\u00e9ho \u0159e\u0161en\u00ed spl\u0148oval v\u0161echny krit\u00e9ria norem a intern\u00edch p\u0159edpis\u016f koncernu. V prostoru mus\u00ed b\u00fdt v p\u0159\u00edpad\u011b v\u00fdpadku elektrick\u00e9 energie zaru\u010deno minim\u00e1ln\u011b nouzov\u00e9 osv\u011btlen\u00ed a sv\u011bteln\u00e9 piktogramy s ozna\u010den\u00fdm sm\u011brem \u00fanikov\u00e9ho v\u00fdchodu.<\/p>\n<p>Po zv\u00e1\u017een\u00ed v\u0161ech po\u017eadavk\u016f jsme jako hlavn\u00ed osv\u011btlen\u00ed vybrali line\u00e1rn\u00ed modul\u00e1rn\u00ed syst\u00e9m LED linear, kter\u00fd m\u016f\u017ee b\u00fdt vybaven zabudovan\u00fdm nouzov\u00fdm baterkov\u00fdm modulem. V prostor\u00e1ch, kam uveden\u00fd modul\u00e1rn\u00ed syst\u00e9m ne\u0161el, jsme zvolili samostatn\u00e9 nouzov\u00e9 sv\u00edtidla &#8211; tzv. antipanik od slovensk\u00e9 spole\u010dnosti SEC. Sou\u010d\u00e1st\u00ed dod\u00e1vky byly i piktogramy s nazna\u010den\u00fdm sm\u011brem \u00fanikov\u00e9 cesty.<\/p>\n<p>Charakter prostor se ve v\u00fdrobn\u00edm procesu v\u00fdrazn\u011b m\u011bn\u00ed, \u010demu\u017e jsme p\u0159izp\u016fsobovaly i optiku s \u00fahlem vyza\u0159ov\u00e1n\u00ed. V ni\u017e\u0161\u00edch v\u00fdrobn\u00edch prostor\u00e1ch jsme vyu\u017eili \u0161ir\u0161\u00ed vyza\u0159ovac\u00ed \u00fahel &#8211; wide a ve vysok\u00fdch skladovac\u00edch \u010d\u00e1stech \u00fazk\u00fd \u00fahel &#8211; narrow. T\u00edmto jsme zaru\u010dili homogenitu osv\u011btlen\u00ed s efektivitou z\u00e1rove\u0148. Ve v\u00fdrobn\u00edch \u010d\u00e1stech se intenzita osv\u011btlen\u00ed nastavila na 600lx a v\u00edce, kde p\u0159i skladov\u00fdch prostor\u00e1ch posta\u010dovalo&gt; 300lx. Vysok\u00fd index pod\u00e1n\u00ed barev CRI v kombinaci se spr\u00e1vnou intenzitou a teplotou chromati\u010dnosti zaru\u010duje ne\u00fanavn\u00e9 a k\u0159i\u0161\u0165\u00e1lov\u011b \u010dist\u00e9 osv\u011btlen\u00ed, co\u017e n\u00e1m potvrdili i samotn\u00fd zam\u011bstnanci.<\/p>\n                <\/div>\n            <\/div>\n        <\/div>\n    <\/section>\n\n\n    <section id=\"block_5ed6b8a4663a2\" class=\"section-transparent pt-9 section  section-tile align-full\">\n        <div class=\"container\">\n            <div class=\"row\">\n                <div class=\"col-12\">\n                    <div class=\"projGallery\" >\n                                                        <a class=\"proj-gallery-item\" href=\"https:\/\/ledco.sk\/wp-content\/uploads\/2020\/06\/Saint_Gobain_7.jpg\" data-fancybox=\"images\" data-caption=\"\">\n                                                                        <img fetchpriority=\"high\" decoding=\"async\" width=\"934\" height=\"700\" src=\"https:\/\/ledco.sk\/wp-content\/uploads\/2020\/06\/Saint_Gobain_7-934x700.jpg\" class=\"attachment-project-gallery_ret size-project-gallery_ret\" alt=\"LED sv\u00edtidla ve v\u00fdrobn\u00ed hale, sv\u00edtidla ve v\u00fdrob\u011b, v\u00fdrobn\u00ed sv\u00edtidla\" srcset=\"https:\/\/ledco.sk\/wp-content\/uploads\/2020\/06\/Saint_Gobain_7-934x700.jpg 934w, https:\/\/ledco.sk\/wp-content\/uploads\/2020\/06\/Saint_Gobain_7-300x225.jpg 300w, https:\/\/ledco.sk\/wp-content\/uploads\/2020\/06\/Saint_Gobain_7-1024x768.jpg 1024w, https:\/\/ledco.sk\/wp-content\/uploads\/2020\/06\/Saint_Gobain_7-768x576.jpg 768w, https:\/\/ledco.sk\/wp-content\/uploads\/2020\/06\/Saint_Gobain_7-600x450.jpg 600w, https:\/\/ledco.sk\/wp-content\/uploads\/2020\/06\/Saint_Gobain_7-867x650.jpg 867w, https:\/\/ledco.sk\/wp-content\/uploads\/2020\/06\/Saint_Gobain_7-344x258.jpg 344w, https:\/\/ledco.sk\/wp-content\/uploads\/2020\/06\/Saint_Gobain_7-688x516.jpg 688w, https:\/\/ledco.sk\/wp-content\/uploads\/2020\/06\/Saint_Gobain_7.jpg 1307w\" sizes=\"(max-width: 934px) 100vw, 934px\" \/>                                <\/a>\n                                                            <a class=\"proj-gallery-item\" href=\"https:\/\/ledco.sk\/wp-content\/uploads\/2020\/06\/Saint_Gobain_9.jpg\" data-fancybox=\"images\" data-caption=\"\">\n                                                                        <img decoding=\"async\" width=\"934\" height=\"700\" src=\"https:\/\/ledco.sk\/wp-content\/uploads\/2020\/06\/Saint_Gobain_9-934x700.jpg\" class=\"attachment-project-gallery_ret size-project-gallery_ret\" alt=\"LED sv\u00edtidla ve v\u00fdrobn\u00ed hale, sv\u00edtidla ve v\u00fdrob\u011b, v\u00fdrobn\u00ed sv\u00edtidla\" srcset=\"https:\/\/ledco.sk\/wp-content\/uploads\/2020\/06\/Saint_Gobain_9-934x700.jpg 934w, https:\/\/ledco.sk\/wp-content\/uploads\/2020\/06\/Saint_Gobain_9-300x225.jpg 300w, https:\/\/ledco.sk\/wp-content\/uploads\/2020\/06\/Saint_Gobain_9-1024x768.jpg 1024w, https:\/\/ledco.sk\/wp-content\/uploads\/2020\/06\/Saint_Gobain_9-768x576.jpg 768w, https:\/\/ledco.sk\/wp-content\/uploads\/2020\/06\/Saint_Gobain_9-600x450.jpg 600w, https:\/\/ledco.sk\/wp-content\/uploads\/2020\/06\/Saint_Gobain_9-867x650.jpg 867w, https:\/\/ledco.sk\/wp-content\/uploads\/2020\/06\/Saint_Gobain_9-344x258.jpg 344w, https:\/\/ledco.sk\/wp-content\/uploads\/2020\/06\/Saint_Gobain_9-688x516.jpg 688w, https:\/\/ledco.sk\/wp-content\/uploads\/2020\/06\/Saint_Gobain_9.jpg 1307w\" sizes=\"(max-width: 934px) 100vw, 934px\" \/>                                <\/a>\n                                                            <a class=\"proj-gallery-item\" href=\"https:\/\/ledco.sk\/wp-content\/uploads\/2020\/06\/Saint_Gobain_10.jpg\" data-fancybox=\"images\" data-caption=\"\">\n                                                                        <img decoding=\"async\" width=\"934\" height=\"700\" src=\"https:\/\/ledco.sk\/wp-content\/uploads\/2020\/06\/Saint_Gobain_10-934x700.jpg\" class=\"attachment-project-gallery_ret size-project-gallery_ret\" alt=\"LED sv\u00edtidla ve v\u00fdrobn\u00ed hale, sv\u00edtidla ve v\u00fdrob\u011b, v\u00fdrobn\u00ed sv\u00edtidla\" srcset=\"https:\/\/ledco.sk\/wp-content\/uploads\/2020\/06\/Saint_Gobain_10-934x700.jpg 934w, https:\/\/ledco.sk\/wp-content\/uploads\/2020\/06\/Saint_Gobain_10-300x225.jpg 300w, https:\/\/ledco.sk\/wp-content\/uploads\/2020\/06\/Saint_Gobain_10-1024x768.jpg 1024w, https:\/\/ledco.sk\/wp-content\/uploads\/2020\/06\/Saint_Gobain_10-768x576.jpg 768w, https:\/\/ledco.sk\/wp-content\/uploads\/2020\/06\/Saint_Gobain_10-600x450.jpg 600w, https:\/\/ledco.sk\/wp-content\/uploads\/2020\/06\/Saint_Gobain_10-867x650.jpg 867w, https:\/\/ledco.sk\/wp-content\/uploads\/2020\/06\/Saint_Gobain_10-344x258.jpg 344w, https:\/\/ledco.sk\/wp-content\/uploads\/2020\/06\/Saint_Gobain_10-688x516.jpg 688w, https:\/\/ledco.sk\/wp-content\/uploads\/2020\/06\/Saint_Gobain_10.jpg 1307w\" sizes=\"(max-width: 934px) 100vw, 934px\" \/>                                <\/a>\n                                                            <a class=\"proj-gallery-item\" href=\"https:\/\/ledco.sk\/wp-content\/uploads\/2020\/06\/Saint_Gobain_13.jpg\" data-fancybox=\"images\" data-caption=\"\">\n                                                                        <img loading=\"lazy\" decoding=\"async\" width=\"934\" height=\"700\" src=\"https:\/\/ledco.sk\/wp-content\/uploads\/2020\/06\/Saint_Gobain_13-934x700.jpg\" class=\"attachment-project-gallery_ret size-project-gallery_ret\" alt=\"LED sv\u00edtidla ve v\u00fdrobn\u00ed hale, sv\u00edtidla ve v\u00fdrob\u011b, v\u00fdrobn\u00ed sv\u00edtidla\" srcset=\"https:\/\/ledco.sk\/wp-content\/uploads\/2020\/06\/Saint_Gobain_13-934x700.jpg 934w, https:\/\/ledco.sk\/wp-content\/uploads\/2020\/06\/Saint_Gobain_13-300x225.jpg 300w, https:\/\/ledco.sk\/wp-content\/uploads\/2020\/06\/Saint_Gobain_13-1024x768.jpg 1024w, https:\/\/ledco.sk\/wp-content\/uploads\/2020\/06\/Saint_Gobain_13-768x576.jpg 768w, https:\/\/ledco.sk\/wp-content\/uploads\/2020\/06\/Saint_Gobain_13-600x450.jpg 600w, https:\/\/ledco.sk\/wp-content\/uploads\/2020\/06\/Saint_Gobain_13-867x650.jpg 867w, https:\/\/ledco.sk\/wp-content\/uploads\/2020\/06\/Saint_Gobain_13-344x258.jpg 344w, https:\/\/ledco.sk\/wp-content\/uploads\/2020\/06\/Saint_Gobain_13-688x516.jpg 688w, https:\/\/ledco.sk\/wp-content\/uploads\/2020\/06\/Saint_Gobain_13.jpg 1307w\" sizes=\"(max-width: 934px) 100vw, 934px\" \/>                                <\/a>\n                                                            <a class=\"proj-gallery-item\" href=\"https:\/\/ledco.sk\/wp-content\/uploads\/2020\/06\/Saint_Gobain_17.jpg\" data-fancybox=\"images\" data-caption=\"\">\n                                                                        <img loading=\"lazy\" decoding=\"async\" width=\"934\" height=\"700\" src=\"https:\/\/ledco.sk\/wp-content\/uploads\/2020\/06\/Saint_Gobain_17-934x700.jpg\" class=\"attachment-project-gallery_ret size-project-gallery_ret\" alt=\"LED sv\u00edtidla ve v\u00fdrobn\u00ed hale, sv\u00edtidla ve v\u00fdrob\u011b, v\u00fdrobn\u00ed sv\u00edtidla\" srcset=\"https:\/\/ledco.sk\/wp-content\/uploads\/2020\/06\/Saint_Gobain_17-934x700.jpg 934w, https:\/\/ledco.sk\/wp-content\/uploads\/2020\/06\/Saint_Gobain_17-300x225.jpg 300w, https:\/\/ledco.sk\/wp-content\/uploads\/2020\/06\/Saint_Gobain_17-1024x768.jpg 1024w, https:\/\/ledco.sk\/wp-content\/uploads\/2020\/06\/Saint_Gobain_17-768x576.jpg 768w, https:\/\/ledco.sk\/wp-content\/uploads\/2020\/06\/Saint_Gobain_17-600x450.jpg 600w, https:\/\/ledco.sk\/wp-content\/uploads\/2020\/06\/Saint_Gobain_17-867x650.jpg 867w, https:\/\/ledco.sk\/wp-content\/uploads\/2020\/06\/Saint_Gobain_17-344x258.jpg 344w, https:\/\/ledco.sk\/wp-content\/uploads\/2020\/06\/Saint_Gobain_17-688x516.jpg 688w, https:\/\/ledco.sk\/wp-content\/uploads\/2020\/06\/Saint_Gobain_17.jpg 1307w\" sizes=\"(max-width: 934px) 100vw, 934px\" \/>                                <\/a>\n                                                            <a class=\"proj-gallery-item\" href=\"https:\/\/ledco.sk\/wp-content\/uploads\/2020\/06\/Saint_Gobain_19.jpg\" data-fancybox=\"images\" data-caption=\"\">\n                                                                        <img loading=\"lazy\" decoding=\"async\" width=\"934\" height=\"700\" src=\"https:\/\/ledco.sk\/wp-content\/uploads\/2020\/06\/Saint_Gobain_19-934x700.jpg\" class=\"attachment-project-gallery_ret size-project-gallery_ret\" alt=\"LED sv\u00edtidla ve v\u00fdrobn\u00ed hale, sv\u00edtidla ve v\u00fdrob\u011b, v\u00fdrobn\u00ed sv\u00edtidla\" srcset=\"https:\/\/ledco.sk\/wp-content\/uploads\/2020\/06\/Saint_Gobain_19-934x700.jpg 934w, https:\/\/ledco.sk\/wp-content\/uploads\/2020\/06\/Saint_Gobain_19-300x225.jpg 300w, https:\/\/ledco.sk\/wp-content\/uploads\/2020\/06\/Saint_Gobain_19-1024x768.jpg 1024w, https:\/\/ledco.sk\/wp-content\/uploads\/2020\/06\/Saint_Gobain_19-768x576.jpg 768w, https:\/\/ledco.sk\/wp-content\/uploads\/2020\/06\/Saint_Gobain_19-600x450.jpg 600w, https:\/\/ledco.sk\/wp-content\/uploads\/2020\/06\/Saint_Gobain_19-867x650.jpg 867w, https:\/\/ledco.sk\/wp-content\/uploads\/2020\/06\/Saint_Gobain_19-344x258.jpg 344w, https:\/\/ledco.sk\/wp-content\/uploads\/2020\/06\/Saint_Gobain_19-688x516.jpg 688w, https:\/\/ledco.sk\/wp-content\/uploads\/2020\/06\/Saint_Gobain_19.jpg 1307w\" sizes=\"(max-width: 934px) 100vw, 934px\" \/>                                <\/a>\n                                                <\/div>\n                <\/div>\n            <\/div>\n        <\/div>\n    <\/section>\n\n\n    <section id=\"block_5ed6b98a663a3\" class=\"section-transparent pt-9 section  section-text align-full\">\n        <div class=\"container\">\n            <div class=\"row justify-content-center\">\n                <div class=\"col-lg-9\">\n                                        <p>V druh\u00e9 f\u00e1zi jsme \u0159e\u0161ili exteri\u00e9rov\u00e9 osv\u011btlen\u00ed are\u00e1lu podniku, kde m\u011bli nedostate\u010dn\u00e9 a zastaral\u00e9 sod\u00edkov\u00e9 sv\u00edtidla. Jeliko\u017e ve venkovn\u00edch prostorech vyu\u017e\u00edvaj\u00ed i skladov\u00e9 kapacity, jednalo se i o zaji\u0161t\u011bn\u00ed, \u010dili spr\u00e1vn\u00e9 osv\u011btlen\u00ed prostoru. Pro dan\u00fd \u00fa\u010del venkovn\u00edho osv\u011btlen\u00ed jsme vybrali kvalitn\u00ed pouli\u010dn\u00ed LED sv\u00edtidla Philips, kter\u00e9 jsme rovnom\u011brn\u011b rozlo\u017eili po obvodu v\u00fdrobn\u00edch objekt\u016f. T\u00edmto zp\u016fsobem jsme zv\u00fdraznili i samotnou firmu b\u011bhem ve\u010dern\u00edch hodin, co\u017e pout\u00e1 pozornost i kolemjdouc\u00edm po hlavn\u00ed silnici.<\/p>\n                <\/div>\n            <\/div>\n        <\/div>\n    <\/section>\n\n\n    <section id=\"block_5ed6ba98663a4\" class=\"section-transparent pt-9 section  section-tile align-full\">\n        <div class=\"container\">\n            <div class=\"row\">\n                <div class=\"col-12\">\n                    <div class=\"projGallery\" >\n                                                        <a class=\"proj-gallery-item\" href=\"https:\/\/ledco.sk\/wp-content\/uploads\/2020\/06\/Saint_Gobain_8.jpg\" data-fancybox=\"images\" data-caption=\"\">\n                                                                        <img loading=\"lazy\" decoding=\"async\" width=\"934\" height=\"700\" src=\"https:\/\/ledco.sk\/wp-content\/uploads\/2020\/06\/Saint_Gobain_8-934x700.jpg\" class=\"attachment-project-gallery_ret size-project-gallery_ret\" alt=\"LED osv\u011btlen\u00ed ve firm\u011b, LED lampy na st\u011bn\u011b budovy\" srcset=\"https:\/\/ledco.sk\/wp-content\/uploads\/2020\/06\/Saint_Gobain_8-934x700.jpg 934w, https:\/\/ledco.sk\/wp-content\/uploads\/2020\/06\/Saint_Gobain_8-300x225.jpg 300w, https:\/\/ledco.sk\/wp-content\/uploads\/2020\/06\/Saint_Gobain_8-1024x768.jpg 1024w, https:\/\/ledco.sk\/wp-content\/uploads\/2020\/06\/Saint_Gobain_8-768x576.jpg 768w, https:\/\/ledco.sk\/wp-content\/uploads\/2020\/06\/Saint_Gobain_8-600x450.jpg 600w, https:\/\/ledco.sk\/wp-content\/uploads\/2020\/06\/Saint_Gobain_8-867x650.jpg 867w, https:\/\/ledco.sk\/wp-content\/uploads\/2020\/06\/Saint_Gobain_8-344x258.jpg 344w, https:\/\/ledco.sk\/wp-content\/uploads\/2020\/06\/Saint_Gobain_8-688x516.jpg 688w, https:\/\/ledco.sk\/wp-content\/uploads\/2020\/06\/Saint_Gobain_8.jpg 1307w\" sizes=\"(max-width: 934px) 100vw, 934px\" \/>                                <\/a>\n                                                            <a class=\"proj-gallery-item\" href=\"https:\/\/ledco.sk\/wp-content\/uploads\/2020\/06\/Saint_Gobain_11.jpg\" data-fancybox=\"images\" data-caption=\"\">\n                                                                        <img loading=\"lazy\" decoding=\"async\" width=\"934\" height=\"700\" src=\"https:\/\/ledco.sk\/wp-content\/uploads\/2020\/06\/Saint_Gobain_11-934x700.jpg\" class=\"attachment-project-gallery_ret size-project-gallery_ret\" alt=\"LED pouli\u010dn\u00e9 lampy na stene budovy, osvetlenie priemyseln\u00e9ho parku\" srcset=\"https:\/\/ledco.sk\/wp-content\/uploads\/2020\/06\/Saint_Gobain_11-934x700.jpg 934w, https:\/\/ledco.sk\/wp-content\/uploads\/2020\/06\/Saint_Gobain_11-300x225.jpg 300w, https:\/\/ledco.sk\/wp-content\/uploads\/2020\/06\/Saint_Gobain_11-1024x768.jpg 1024w, https:\/\/ledco.sk\/wp-content\/uploads\/2020\/06\/Saint_Gobain_11-768x576.jpg 768w, https:\/\/ledco.sk\/wp-content\/uploads\/2020\/06\/Saint_Gobain_11-600x450.jpg 600w, https:\/\/ledco.sk\/wp-content\/uploads\/2020\/06\/Saint_Gobain_11-867x650.jpg 867w, https:\/\/ledco.sk\/wp-content\/uploads\/2020\/06\/Saint_Gobain_11-344x258.jpg 344w, https:\/\/ledco.sk\/wp-content\/uploads\/2020\/06\/Saint_Gobain_11-688x516.jpg 688w, https:\/\/ledco.sk\/wp-content\/uploads\/2020\/06\/Saint_Gobain_11.jpg 1307w\" sizes=\"(max-width: 934px) 100vw, 934px\" \/>                                <\/a>\n                                                            <a class=\"proj-gallery-item\" href=\"https:\/\/ledco.sk\/wp-content\/uploads\/2020\/06\/Saint_Gobain_14.jpg\" data-fancybox=\"images\" data-caption=\"\">\n                                                                        <img loading=\"lazy\" decoding=\"async\" width=\"934\" height=\"700\" src=\"https:\/\/ledco.sk\/wp-content\/uploads\/2020\/06\/Saint_Gobain_14-934x700.jpg\" class=\"attachment-project-gallery_ret size-project-gallery_ret\" alt=\"osv\u011btlen\u00ed pr\u016fmyslov\u00e9ho parku, LED sv\u00edtidla v podniku\" srcset=\"https:\/\/ledco.sk\/wp-content\/uploads\/2020\/06\/Saint_Gobain_14-934x700.jpg 934w, https:\/\/ledco.sk\/wp-content\/uploads\/2020\/06\/Saint_Gobain_14-300x225.jpg 300w, https:\/\/ledco.sk\/wp-content\/uploads\/2020\/06\/Saint_Gobain_14-1024x768.jpg 1024w, https:\/\/ledco.sk\/wp-content\/uploads\/2020\/06\/Saint_Gobain_14-768x576.jpg 768w, https:\/\/ledco.sk\/wp-content\/uploads\/2020\/06\/Saint_Gobain_14-600x450.jpg 600w, https:\/\/ledco.sk\/wp-content\/uploads\/2020\/06\/Saint_Gobain_14-867x650.jpg 867w, https:\/\/ledco.sk\/wp-content\/uploads\/2020\/06\/Saint_Gobain_14-344x258.jpg 344w, https:\/\/ledco.sk\/wp-content\/uploads\/2020\/06\/Saint_Gobain_14-688x516.jpg 688w, https:\/\/ledco.sk\/wp-content\/uploads\/2020\/06\/Saint_Gobain_14.jpg 1307w\" sizes=\"(max-width: 934px) 100vw, 934px\" \/>                                <\/a>\n                                                <\/div>\n                <\/div>\n            <\/div>\n        <\/div>\n    <\/section>\n\n","protected":false},"featured_media":102849,"menu_order":9,"template":"","format":"standard","meta":{"_acf_changed":false,"footnotes":""},"tags":[],"ledco_projects_categories":[203],"class_list":["post-102932","ledco_projects","type-ledco_projects","status-publish","format-standard","has-post-thumbnail","hentry","ledco_projects_categories-prumysl"],"acf":[],"yoast_head":"<!-- This site is optimized with the Yoast SEO plugin v25.0 - https:\/\/yoast.com\/wordpress\/plugins\/seo\/ -->\n<title>LED osv\u011btlen\u00ed ve v\u00fdrobn\u00ed hale - Ledco<\/title>\n<meta name=\"description\" content=\"Rekonstrukce a obnova osv\u011btlen\u00ed ve v\u00fdrobn\u00ed hale Saint-Gobain v Nit\u0159e. Projekt a kompletn\u00ed dod\u00e1vka LED osv\u011btlen\u00ed s nouzovou funckiou.\" \/>\n<meta name=\"robots\" content=\"index, follow, max-snippet:-1, max-image-preview:large, max-video-preview:-1\" \/>\n<link rel=\"canonical\" href=\"https:\/\/ledco.sk\/cs\/projekty\/led-osvetleni-ve-vyrobni-hale\/\" \/>\n<meta property=\"og:locale\" content=\"cs_CZ\" \/>\n<meta property=\"og:type\" content=\"article\" \/>\n<meta property=\"og:title\" content=\"LED osv\u011btlen\u00ed ve v\u00fdrobn\u00ed hale - Ledco\" \/>\n<meta property=\"og:description\" content=\"Rekonstrukce a obnova osv\u011btlen\u00ed ve v\u00fdrobn\u00ed hale Saint-Gobain v Nit\u0159e. Projekt a kompletn\u00ed dod\u00e1vka LED osv\u011btlen\u00ed s nouzovou funckiou.\" \/>\n<meta property=\"og:url\" content=\"https:\/\/ledco.sk\/cs\/projekty\/led-osvetleni-ve-vyrobni-hale\/\" \/>\n<meta property=\"og:site_name\" content=\"Ledco\" \/>\n<meta property=\"article:publisher\" content=\"https:\/\/www.facebook.com\/pages\/LEDCO-sro\/172577579457232?fref=ts\" \/>\n<meta property=\"article:modified_time\" content=\"2020-06-16T12:25:18+00:00\" \/>\n<meta property=\"og:image\" content=\"https:\/\/ledco.sk\/wp-content\/uploads\/2020\/06\/Saint_Gobain_6.jpg\" \/>\n\t<meta property=\"og:image:width\" content=\"1140\" \/>\n\t<meta property=\"og:image:height\" content=\"855\" \/>\n\t<meta property=\"og:image:type\" content=\"image\/jpeg\" \/>\n<meta name=\"twitter:card\" content=\"summary_large_image\" \/>\n<meta name=\"twitter:site\" content=\"@ledcolighting\" \/>\n<script type=\"application\/ld+json\" class=\"yoast-schema-graph\">{\"@context\":\"https:\/\/schema.org\",\"@graph\":[{\"@type\":\"WebPage\",\"@id\":\"https:\/\/ledco.sk\/cs\/projekty\/led-osvetleni-ve-vyrobni-hale\/\",\"url\":\"https:\/\/ledco.sk\/cs\/projekty\/led-osvetleni-ve-vyrobni-hale\/\",\"name\":\"LED osv\u011btlen\u00ed ve v\u00fdrobn\u00ed hale - Ledco\",\"isPartOf\":{\"@id\":\"https:\/\/ledco.sk\/cs\/#website\"},\"primaryImageOfPage\":{\"@id\":\"https:\/\/ledco.sk\/cs\/projekty\/led-osvetleni-ve-vyrobni-hale\/#primaryimage\"},\"image\":{\"@id\":\"https:\/\/ledco.sk\/cs\/projekty\/led-osvetleni-ve-vyrobni-hale\/#primaryimage\"},\"thumbnailUrl\":\"https:\/\/ledco.sk\/wp-content\/uploads\/2020\/06\/Saint_Gobain_6.jpg\",\"datePublished\":\"2020-06-09T11:07:33+00:00\",\"dateModified\":\"2020-06-16T12:25:18+00:00\",\"description\":\"Rekonstrukce a obnova osv\u011btlen\u00ed ve v\u00fdrobn\u00ed hale Saint-Gobain v Nit\u0159e. Projekt a kompletn\u00ed dod\u00e1vka LED osv\u011btlen\u00ed s nouzovou funckiou.\",\"breadcrumb\":{\"@id\":\"https:\/\/ledco.sk\/cs\/projekty\/led-osvetleni-ve-vyrobni-hale\/#breadcrumb\"},\"inLanguage\":\"cs\",\"potentialAction\":[{\"@type\":\"ReadAction\",\"target\":[\"https:\/\/ledco.sk\/cs\/projekty\/led-osvetleni-ve-vyrobni-hale\/\"]}]},{\"@type\":\"ImageObject\",\"inLanguage\":\"cs\",\"@id\":\"https:\/\/ledco.sk\/cs\/projekty\/led-osvetleni-ve-vyrobni-hale\/#primaryimage\",\"url\":\"https:\/\/ledco.sk\/wp-content\/uploads\/2020\/06\/Saint_Gobain_6.jpg\",\"contentUrl\":\"https:\/\/ledco.sk\/wp-content\/uploads\/2020\/06\/Saint_Gobain_6.jpg\",\"width\":1140,\"height\":855,\"caption\":\"LED sv\u00edtidla ve v\u00fdrobn\u00ed hale, sv\u00edtidla ve v\u00fdrob\u011b, v\u00fdrobn\u00ed sv\u00edtidla\"},{\"@type\":\"BreadcrumbList\",\"@id\":\"https:\/\/ledco.sk\/cs\/projekty\/led-osvetleni-ve-vyrobni-hale\/#breadcrumb\",\"itemListElement\":[{\"@type\":\"ListItem\",\"position\":1,\"name\":\"Home\",\"item\":\"https:\/\/ledco.sk\/cs\/\"},{\"@type\":\"ListItem\",\"position\":2,\"name\":\"Projekty\",\"item\":\"https:\/\/ledco.sk\/cs\/projekty\/\"},{\"@type\":\"ListItem\",\"position\":3,\"name\":\"LED osv\u011btlen\u00ed ve v\u00fdrobn\u00ed hale\"}]},{\"@type\":\"WebSite\",\"@id\":\"https:\/\/ledco.sk\/cs\/#website\",\"url\":\"https:\/\/ledco.sk\/cs\/\",\"name\":\"Ledco\",\"description\":\"Predaj svietidiel, n\u00e1vrh, poradenstvo a realiz\u00e1cia osvetlenia\",\"publisher\":{\"@id\":\"https:\/\/ledco.sk\/cs\/#organization\"},\"potentialAction\":[{\"@type\":\"SearchAction\",\"target\":{\"@type\":\"EntryPoint\",\"urlTemplate\":\"https:\/\/ledco.sk\/cs\/?s={search_term_string}\"},\"query-input\":{\"@type\":\"PropertyValueSpecification\",\"valueRequired\":true,\"valueName\":\"search_term_string\"}}],\"inLanguage\":\"cs\"},{\"@type\":\"Organization\",\"@id\":\"https:\/\/ledco.sk\/cs\/#organization\",\"name\":\"LEDCO s.r.o.\",\"url\":\"https:\/\/ledco.sk\/cs\/\",\"logo\":{\"@type\":\"ImageObject\",\"inLanguage\":\"cs\",\"@id\":\"https:\/\/ledco.sk\/cs\/#\/schema\/logo\/image\/\",\"url\":\"https:\/\/ledco.sk\/wp-content\/uploads\/2020\/03\/Logo_LEDCO.jpg\",\"contentUrl\":\"https:\/\/ledco.sk\/wp-content\/uploads\/2020\/03\/Logo_LEDCO.jpg\",\"width\":230,\"height\":73,\"caption\":\"LEDCO s.r.o.\"},\"image\":{\"@id\":\"https:\/\/ledco.sk\/cs\/#\/schema\/logo\/image\/\"},\"sameAs\":[\"https:\/\/www.facebook.com\/pages\/LEDCO-sro\/172577579457232?fref=ts\",\"https:\/\/x.com\/ledcolighting\",\"https:\/\/www.instagram.com\/ledco_lighting\/\",\"https:\/\/pinterest.com\/ledcolighting\/\",\"https:\/\/www.youtube.com\/user\/ledcoled\"]}]}<\/script>\n<!-- \/ Yoast SEO plugin. -->","yoast_head_json":{"title":"LED osv\u011btlen\u00ed ve v\u00fdrobn\u00ed hale - Ledco","description":"Rekonstrukce a obnova osv\u011btlen\u00ed ve v\u00fdrobn\u00ed hale Saint-Gobain v Nit\u0159e. Projekt a kompletn\u00ed dod\u00e1vka LED osv\u011btlen\u00ed s nouzovou funckiou.","robots":{"index":"index","follow":"follow","max-snippet":"max-snippet:-1","max-image-preview":"max-image-preview:large","max-video-preview":"max-video-preview:-1"},"canonical":"https:\/\/ledco.sk\/cs\/projekty\/led-osvetleni-ve-vyrobni-hale\/","og_locale":"cs_CZ","og_type":"article","og_title":"LED osv\u011btlen\u00ed ve v\u00fdrobn\u00ed hale - Ledco","og_description":"Rekonstrukce a obnova osv\u011btlen\u00ed ve v\u00fdrobn\u00ed hale Saint-Gobain v Nit\u0159e. Projekt a kompletn\u00ed dod\u00e1vka LED osv\u011btlen\u00ed s nouzovou funckiou.","og_url":"https:\/\/ledco.sk\/cs\/projekty\/led-osvetleni-ve-vyrobni-hale\/","og_site_name":"Ledco","article_publisher":"https:\/\/www.facebook.com\/pages\/LEDCO-sro\/172577579457232?fref=ts","article_modified_time":"2020-06-16T12:25:18+00:00","og_image":[{"width":1140,"height":855,"url":"https:\/\/ledco.sk\/wp-content\/uploads\/2020\/06\/Saint_Gobain_6.jpg","type":"image\/jpeg"}],"twitter_card":"summary_large_image","twitter_site":"@ledcolighting","schema":{"@context":"https:\/\/schema.org","@graph":[{"@type":"WebPage","@id":"https:\/\/ledco.sk\/cs\/projekty\/led-osvetleni-ve-vyrobni-hale\/","url":"https:\/\/ledco.sk\/cs\/projekty\/led-osvetleni-ve-vyrobni-hale\/","name":"LED osv\u011btlen\u00ed ve v\u00fdrobn\u00ed hale - Ledco","isPartOf":{"@id":"https:\/\/ledco.sk\/cs\/#website"},"primaryImageOfPage":{"@id":"https:\/\/ledco.sk\/cs\/projekty\/led-osvetleni-ve-vyrobni-hale\/#primaryimage"},"image":{"@id":"https:\/\/ledco.sk\/cs\/projekty\/led-osvetleni-ve-vyrobni-hale\/#primaryimage"},"thumbnailUrl":"https:\/\/ledco.sk\/wp-content\/uploads\/2020\/06\/Saint_Gobain_6.jpg","datePublished":"2020-06-09T11:07:33+00:00","dateModified":"2020-06-16T12:25:18+00:00","description":"Rekonstrukce a obnova osv\u011btlen\u00ed ve v\u00fdrobn\u00ed hale Saint-Gobain v Nit\u0159e. Projekt a kompletn\u00ed dod\u00e1vka LED osv\u011btlen\u00ed s nouzovou funckiou.","breadcrumb":{"@id":"https:\/\/ledco.sk\/cs\/projekty\/led-osvetleni-ve-vyrobni-hale\/#breadcrumb"},"inLanguage":"cs","potentialAction":[{"@type":"ReadAction","target":["https:\/\/ledco.sk\/cs\/projekty\/led-osvetleni-ve-vyrobni-hale\/"]}]},{"@type":"ImageObject","inLanguage":"cs","@id":"https:\/\/ledco.sk\/cs\/projekty\/led-osvetleni-ve-vyrobni-hale\/#primaryimage","url":"https:\/\/ledco.sk\/wp-content\/uploads\/2020\/06\/Saint_Gobain_6.jpg","contentUrl":"https:\/\/ledco.sk\/wp-content\/uploads\/2020\/06\/Saint_Gobain_6.jpg","width":1140,"height":855,"caption":"LED sv\u00edtidla ve v\u00fdrobn\u00ed hale, sv\u00edtidla ve v\u00fdrob\u011b, v\u00fdrobn\u00ed sv\u00edtidla"},{"@type":"BreadcrumbList","@id":"https:\/\/ledco.sk\/cs\/projekty\/led-osvetleni-ve-vyrobni-hale\/#breadcrumb","itemListElement":[{"@type":"ListItem","position":1,"name":"Home","item":"https:\/\/ledco.sk\/cs\/"},{"@type":"ListItem","position":2,"name":"Projekty","item":"https:\/\/ledco.sk\/cs\/projekty\/"},{"@type":"ListItem","position":3,"name":"LED osv\u011btlen\u00ed ve v\u00fdrobn\u00ed hale"}]},{"@type":"WebSite","@id":"https:\/\/ledco.sk\/cs\/#website","url":"https:\/\/ledco.sk\/cs\/","name":"Ledco","description":"Predaj svietidiel, n\u00e1vrh, poradenstvo a realiz\u00e1cia osvetlenia","publisher":{"@id":"https:\/\/ledco.sk\/cs\/#organization"},"potentialAction":[{"@type":"SearchAction","target":{"@type":"EntryPoint","urlTemplate":"https:\/\/ledco.sk\/cs\/?s={search_term_string}"},"query-input":{"@type":"PropertyValueSpecification","valueRequired":true,"valueName":"search_term_string"}}],"inLanguage":"cs"},{"@type":"Organization","@id":"https:\/\/ledco.sk\/cs\/#organization","name":"LEDCO s.r.o.","url":"https:\/\/ledco.sk\/cs\/","logo":{"@type":"ImageObject","inLanguage":"cs","@id":"https:\/\/ledco.sk\/cs\/#\/schema\/logo\/image\/","url":"https:\/\/ledco.sk\/wp-content\/uploads\/2020\/03\/Logo_LEDCO.jpg","contentUrl":"https:\/\/ledco.sk\/wp-content\/uploads\/2020\/03\/Logo_LEDCO.jpg","width":230,"height":73,"caption":"LEDCO s.r.o."},"image":{"@id":"https:\/\/ledco.sk\/cs\/#\/schema\/logo\/image\/"},"sameAs":["https:\/\/www.facebook.com\/pages\/LEDCO-sro\/172577579457232?fref=ts","https:\/\/x.com\/ledcolighting","https:\/\/www.instagram.com\/ledco_lighting\/","https:\/\/pinterest.com\/ledcolighting\/","https:\/\/www.youtube.com\/user\/ledcoled"]}]}},"_links":{"self":[{"href":"https:\/\/ledco.sk\/cs\/wp-json\/wp\/v2\/ledco_projects\/102932","targetHints":{"allow":["GET"]}}],"collection":[{"href":"https:\/\/ledco.sk\/cs\/wp-json\/wp\/v2\/ledco_projects"}],"about":[{"href":"https:\/\/ledco.sk\/cs\/wp-json\/wp\/v2\/types\/ledco_projects"}],"version-history":[{"count":1,"href":"https:\/\/ledco.sk\/cs\/wp-json\/wp\/v2\/ledco_projects\/102932\/revisions"}],"predecessor-version":[{"id":102933,"href":"https:\/\/ledco.sk\/cs\/wp-json\/wp\/v2\/ledco_projects\/102932\/revisions\/102933"}],"wp:featuredmedia":[{"embeddable":true,"href":"https:\/\/ledco.sk\/cs\/wp-json\/wp\/v2\/media\/102849"}],"wp:attachment":[{"href":"https:\/\/ledco.sk\/cs\/wp-json\/wp\/v2\/media?parent=102932"}],"wp:term":[{"taxonomy":"post_tag","embeddable":true,"href":"https:\/\/ledco.sk\/cs\/wp-json\/wp\/v2\/tags?post=102932"},{"taxonomy":"ledco_projects_categories","embeddable":true,"href":"https:\/\/ledco.sk\/cs\/wp-json\/wp\/v2\/ledco_projects_categories?post=102932"}],"curies":[{"name":"wp","href":"https:\/\/api.w.org\/{rel}","templated":true}]}}