{"id":102934,"date":"2020-06-09T13:19:36","date_gmt":"2020-06-09T11:19:36","guid":{"rendered":"https:\/\/ledco.sk\/projekty\/apartmanovy-dum-se-svitidly-foscarini\/"},"modified":"2021-09-24T17:33:28","modified_gmt":"2021-09-24T15:33:28","slug":"apartmanovy-dum-se-svitidly-foscarini","status":"publish","type":"ledco_projects","link":"https:\/\/ledco.sk\/cs\/projekty\/apartmanovy-dum-se-svitidly-foscarini\/","title":{"rendered":"Apartm\u00e1nov\u00fd d\u016fm se sv\u00edtidly Foscarini"},"content":{"rendered":"\n    <section id=\"block_5ecccda9fc17e\" class=\"section-transparent pt-9 section  section-text align-full\">\n        <div class=\"container\">\n            <div class=\"row justify-content-center\">\n                <div class=\"col-12\">\n                                        <p>Hlavn\u00fdm nosn\u00fdm prvkom osvetlenia v sp\u00e1lniach, v ob\u00fdvac\u00edch a spolo\u010dn\u00fdch priestoroch sa stali svietidl\u00e1 zna\u010dky Foscarini &#8211; dizajnov\u00e1 rada DIESEL. Pri v\u00fdbere svietidiel sme vyu\u017eili kompletn\u00fd rad uvedenej zna\u010dky od n\u00e1stenn\u00fdch, z\u00e1vesn\u00fdch, a\u017e po stojanov\u00e9 svietidl\u00e1. Vkusne doplnili interi\u00e9r laden\u00fd v pestr\u00fdch farb\u00e1ch a ich textiln\u00e1 \u010das\u0165 tienidla to len zv\u00fdraznila. V schodiskovej \u010dasti sme boli n\u00faten\u00fd vyrobi\u0165 n\u00e1stenn\u00fa konzolu na zavesenie ich svietidla, nako\u013eko z tejto rady svietidiel n\u00e1stenn\u00fa verziu nepon\u00fakali. Taktie\u017e v spolo\u010dn\u00fdch priestoroch sme dotvorili \u0161t\u00fdlov\u00fd stojan na z\u00e1vesn\u00e9 svietidlo a oto\u010dili sme ho smerom nahor.<\/p>\n<p>\u010eal\u0161ie funk\u010dn\u00e9 osvetlenie vstupn\u00fdch a k\u00fape\u013e\u0148ov\u00fdch priestorov apartm\u00e1nov\u00fdch jednotiek sme na mieru vytvorili z <a href=\"https:\/\/shop.ledco.sk\/led-hlinikove-profily\/\" target=\"_blank\" rel=\"noopener\">hlin\u00edkov\u00fdch LED profilov<\/a>. V stropnej \u010dasti sme pou\u017eili <a href=\"https:\/\/shop.ledco.sk\/hlinikove-led-profily-zapustene\/\" target=\"_blank\" rel=\"noopener\">zapusten\u00e9 ALU profily<\/a> a na stenu nad zrkadl\u00e1 \u0161peci\u00e1lne <a href=\"https:\/\/shop.ledco.sk\/hlinikove-led-profily-na-vyrobu-svietidiel\/nastenny-hlinikovy-profil-lc-5761-57x61mm-obojstranny-elox\/\" target=\"_blank\" rel=\"noopener\">obojstrann\u00e9 n\u00e1stenn\u00e9 ALU profily<\/a>. Do nich sme vybrali vhodn\u00e9 <a href=\"https:\/\/shop.ledco.sk\/led-pasy-biele\/\" target=\"_blank\" rel=\"noopener\">LED p\u00e1sy<\/a> v rozli\u010dn\u00fdch v\u00fdkonoch.<\/p>\n<p>Pre ve\u010dern\u00e9 chv\u00edle bolo vytvoren\u00e9 takzvan\u00e9 doplnkov\u00e9 nepriame osvetlenie kvalitn\u00fdmi LED p\u00e1smi pod dreven\u00fdmi obkladmi stropov, ale aj priamo na dreven\u00fdch tr\u00e1moch v podkrovn\u00fdch izb\u00e1ch. Taktie\u017e sa nezabudlo na lok\u00e1lne osvetlenie skriniek a poli\u010diek. V\u00fdhodou nepriameho osvetlenia je sveteln\u00e1 pohoda bez priameho o\u017earovania zo siln\u00fdch sveteln\u00fdch zdrojov.<\/p>\n                <\/div>\n            <\/div>\n        <\/div>\n    <\/section>\n\n\n    <section id=\"block_5ecce272fc17f\" class=\"section-transparent pt-9 section  section-tile align-full\">\n        <div class=\"container\">\n            <div class=\"row\">\n                <div class=\"col-12\">\n                    <div class=\"projGallery\" >\n                                                        <a class=\"proj-gallery-item\" href=\"https:\/\/ledco.sk\/wp-content\/uploads\/2020\/05\/IMG_3699.jpg\" data-fancybox=\"images\" data-caption=\"\">\n                                                                        <img fetchpriority=\"high\" decoding=\"async\" width=\"525\" height=\"700\" src=\"https:\/\/ledco.sk\/wp-content\/uploads\/2020\/05\/IMG_3699-525x700.jpg\" class=\"attachment-project-gallery_ret size-project-gallery_ret\" alt=\"\" srcset=\"https:\/\/ledco.sk\/wp-content\/uploads\/2020\/05\/IMG_3699-525x700.jpg 525w, https:\/\/ledco.sk\/wp-content\/uploads\/2020\/05\/IMG_3699-225x300.jpg 225w, https:\/\/ledco.sk\/wp-content\/uploads\/2020\/05\/IMG_3699-300x400.jpg 300w, https:\/\/ledco.sk\/wp-content\/uploads\/2020\/05\/IMG_3699-600x800.jpg 600w, https:\/\/ledco.sk\/wp-content\/uploads\/2020\/05\/IMG_3699-488x650.jpg 488w, https:\/\/ledco.sk\/wp-content\/uploads\/2020\/05\/IMG_3699-194x258.jpg 194w, https:\/\/ledco.sk\/wp-content\/uploads\/2020\/05\/IMG_3699-387x516.jpg 387w, https:\/\/ledco.sk\/wp-content\/uploads\/2020\/05\/IMG_3699.jpg 735w\" sizes=\"(max-width: 525px) 100vw, 525px\" \/>                                <\/a>\n                                                            <a class=\"proj-gallery-item\" href=\"https:\/\/ledco.sk\/wp-content\/uploads\/2020\/05\/IMG_8404.jpg\" data-fancybox=\"images\" data-caption=\"\">\n                                                                        <img decoding=\"async\" width=\"525\" height=\"700\" src=\"https:\/\/ledco.sk\/wp-content\/uploads\/2020\/05\/IMG_8404-525x700.jpg\" class=\"attachment-project-gallery_ret size-project-gallery_ret\" alt=\"osv\u011btlen\u00ed spole\u010dn\u00fdch prostor Foscarini, designov\u00fd lustr Diesel\" srcset=\"https:\/\/ledco.sk\/wp-content\/uploads\/2020\/05\/IMG_8404-525x700.jpg 525w, https:\/\/ledco.sk\/wp-content\/uploads\/2020\/05\/IMG_8404-225x300.jpg 225w, https:\/\/ledco.sk\/wp-content\/uploads\/2020\/05\/IMG_8404-300x400.jpg 300w, https:\/\/ledco.sk\/wp-content\/uploads\/2020\/05\/IMG_8404-600x800.jpg 600w, https:\/\/ledco.sk\/wp-content\/uploads\/2020\/05\/IMG_8404-488x650.jpg 488w, https:\/\/ledco.sk\/wp-content\/uploads\/2020\/05\/IMG_8404-194x258.jpg 194w, https:\/\/ledco.sk\/wp-content\/uploads\/2020\/05\/IMG_8404-387x516.jpg 387w, https:\/\/ledco.sk\/wp-content\/uploads\/2020\/05\/IMG_8404.jpg 735w\" sizes=\"(max-width: 525px) 100vw, 525px\" \/>                                <\/a>\n                                                            <a class=\"proj-gallery-item\" href=\"https:\/\/ledco.sk\/wp-content\/uploads\/2020\/05\/IMG_8407.jpg\" data-fancybox=\"images\" data-caption=\"\">\n                                                                        <img decoding=\"async\" width=\"525\" height=\"700\" src=\"https:\/\/ledco.sk\/wp-content\/uploads\/2020\/05\/IMG_8407-525x700.jpg\" class=\"attachment-project-gallery_ret size-project-gallery_ret\" alt=\"no\u010dn\u00ed lampy v lo\u017enici, Foscarini, led podsv\u00edcen\u00ed postele\" srcset=\"https:\/\/ledco.sk\/wp-content\/uploads\/2020\/05\/IMG_8407-525x700.jpg 525w, https:\/\/ledco.sk\/wp-content\/uploads\/2020\/05\/IMG_8407-225x300.jpg 225w, https:\/\/ledco.sk\/wp-content\/uploads\/2020\/05\/IMG_8407-300x400.jpg 300w, https:\/\/ledco.sk\/wp-content\/uploads\/2020\/05\/IMG_8407-600x800.jpg 600w, https:\/\/ledco.sk\/wp-content\/uploads\/2020\/05\/IMG_8407-488x650.jpg 488w, https:\/\/ledco.sk\/wp-content\/uploads\/2020\/05\/IMG_8407-194x258.jpg 194w, https:\/\/ledco.sk\/wp-content\/uploads\/2020\/05\/IMG_8407-387x516.jpg 387w, https:\/\/ledco.sk\/wp-content\/uploads\/2020\/05\/IMG_8407.jpg 735w\" sizes=\"(max-width: 525px) 100vw, 525px\" \/>                                <\/a>\n                                                            <a class=\"proj-gallery-item\" href=\"https:\/\/ledco.sk\/wp-content\/uploads\/2020\/05\/IMG_8408.jpg\" data-fancybox=\"images\" data-caption=\"\">\n                                                                        <img loading=\"lazy\" decoding=\"async\" width=\"525\" height=\"700\" src=\"https:\/\/ledco.sk\/wp-content\/uploads\/2020\/05\/IMG_8408-525x700.jpg\" class=\"attachment-project-gallery_ret size-project-gallery_ret\" alt=\"stojanov\u00e1 lampa Foscarini, osv\u011btlen\u00ed v ob\u00fdvac\u00edm pokoji\" srcset=\"https:\/\/ledco.sk\/wp-content\/uploads\/2020\/05\/IMG_8408-525x700.jpg 525w, https:\/\/ledco.sk\/wp-content\/uploads\/2020\/05\/IMG_8408-225x300.jpg 225w, https:\/\/ledco.sk\/wp-content\/uploads\/2020\/05\/IMG_8408-300x400.jpg 300w, https:\/\/ledco.sk\/wp-content\/uploads\/2020\/05\/IMG_8408-600x800.jpg 600w, https:\/\/ledco.sk\/wp-content\/uploads\/2020\/05\/IMG_8408-488x650.jpg 488w, https:\/\/ledco.sk\/wp-content\/uploads\/2020\/05\/IMG_8408-194x258.jpg 194w, https:\/\/ledco.sk\/wp-content\/uploads\/2020\/05\/IMG_8408-387x516.jpg 387w, https:\/\/ledco.sk\/wp-content\/uploads\/2020\/05\/IMG_8408.jpg 735w\" sizes=\"(max-width: 525px) 100vw, 525px\" \/>                                <\/a>\n                                                            <a class=\"proj-gallery-item\" href=\"https:\/\/ledco.sk\/wp-content\/uploads\/2020\/05\/IMG_8428.jpg\" data-fancybox=\"images\" data-caption=\"\">\n                                                                        <img loading=\"lazy\" decoding=\"async\" width=\"525\" height=\"700\" src=\"https:\/\/ledco.sk\/wp-content\/uploads\/2020\/05\/IMG_8428-525x700.jpg\" class=\"attachment-project-gallery_ret size-project-gallery_ret\" alt=\"schodi\u0161\u0165ov\u00e9 osv\u011btlen\u00ed, LED profil na schodi\u0161ti, z\u00e1v\u011bsn\u00e9 sv\u00edtidlo na schodi\u0161ti\" srcset=\"https:\/\/ledco.sk\/wp-content\/uploads\/2020\/05\/IMG_8428-525x700.jpg 525w, https:\/\/ledco.sk\/wp-content\/uploads\/2020\/05\/IMG_8428-225x300.jpg 225w, https:\/\/ledco.sk\/wp-content\/uploads\/2020\/05\/IMG_8428-300x400.jpg 300w, https:\/\/ledco.sk\/wp-content\/uploads\/2020\/05\/IMG_8428-600x800.jpg 600w, https:\/\/ledco.sk\/wp-content\/uploads\/2020\/05\/IMG_8428-488x650.jpg 488w, https:\/\/ledco.sk\/wp-content\/uploads\/2020\/05\/IMG_8428-194x258.jpg 194w, https:\/\/ledco.sk\/wp-content\/uploads\/2020\/05\/IMG_8428-387x516.jpg 387w, https:\/\/ledco.sk\/wp-content\/uploads\/2020\/05\/IMG_8428.jpg 735w\" sizes=\"(max-width: 525px) 100vw, 525px\" \/>                                <\/a>\n                                                            <a class=\"proj-gallery-item\" href=\"https:\/\/ledco.sk\/wp-content\/uploads\/2020\/05\/IMG_8468.jpg\" data-fancybox=\"images\" data-caption=\"\">\n                                                                        <img loading=\"lazy\" decoding=\"async\" width=\"525\" height=\"700\" src=\"https:\/\/ledco.sk\/wp-content\/uploads\/2020\/05\/IMG_8468-525x700.jpg\" class=\"attachment-project-gallery_ret size-project-gallery_ret\" alt=\"luster nad jed\u00e1lensk\u00fdm stolom, Foscarini, LED p\u00e1s na drevenej hrade\" srcset=\"https:\/\/ledco.sk\/wp-content\/uploads\/2020\/05\/IMG_8468-525x700.jpg 525w, https:\/\/ledco.sk\/wp-content\/uploads\/2020\/05\/IMG_8468-225x300.jpg 225w, https:\/\/ledco.sk\/wp-content\/uploads\/2020\/05\/IMG_8468-300x400.jpg 300w, https:\/\/ledco.sk\/wp-content\/uploads\/2020\/05\/IMG_8468-600x800.jpg 600w, https:\/\/ledco.sk\/wp-content\/uploads\/2020\/05\/IMG_8468-488x650.jpg 488w, https:\/\/ledco.sk\/wp-content\/uploads\/2020\/05\/IMG_8468-194x258.jpg 194w, https:\/\/ledco.sk\/wp-content\/uploads\/2020\/05\/IMG_8468-387x516.jpg 387w, https:\/\/ledco.sk\/wp-content\/uploads\/2020\/05\/IMG_8468.jpg 735w\" sizes=\"(max-width: 525px) 100vw, 525px\" \/>                                <\/a>\n                                                            <a class=\"proj-gallery-item\" href=\"https:\/\/ledco.sk\/wp-content\/uploads\/2020\/05\/IMG_8657.jpg\" data-fancybox=\"images\" data-caption=\"\">\n                                                                        <img loading=\"lazy\" decoding=\"async\" width=\"525\" height=\"700\" src=\"https:\/\/ledco.sk\/wp-content\/uploads\/2020\/05\/IMG_8657-525x700.jpg\" class=\"attachment-project-gallery_ret size-project-gallery_ret\" alt=\"z\u00e1v\u011bsn\u00e9 designov\u00e9 Foscarini Diesel, osv\u011btlen\u00ed chodby\" srcset=\"https:\/\/ledco.sk\/wp-content\/uploads\/2020\/05\/IMG_8657-525x700.jpg 525w, https:\/\/ledco.sk\/wp-content\/uploads\/2020\/05\/IMG_8657-225x300.jpg 225w, https:\/\/ledco.sk\/wp-content\/uploads\/2020\/05\/IMG_8657-300x400.jpg 300w, https:\/\/ledco.sk\/wp-content\/uploads\/2020\/05\/IMG_8657-600x800.jpg 600w, https:\/\/ledco.sk\/wp-content\/uploads\/2020\/05\/IMG_8657-488x650.jpg 488w, https:\/\/ledco.sk\/wp-content\/uploads\/2020\/05\/IMG_8657-194x258.jpg 194w, https:\/\/ledco.sk\/wp-content\/uploads\/2020\/05\/IMG_8657-387x516.jpg 387w, https:\/\/ledco.sk\/wp-content\/uploads\/2020\/05\/IMG_8657.jpg 735w\" sizes=\"(max-width: 525px) 100vw, 525px\" \/>                                <\/a>\n                                                            <a class=\"proj-gallery-item\" href=\"https:\/\/ledco.sk\/wp-content\/uploads\/2020\/05\/IMG_8689-2.jpg\" data-fancybox=\"images\" data-caption=\"\">\n                                                                        <img loading=\"lazy\" decoding=\"async\" width=\"525\" height=\"700\" src=\"https:\/\/ledco.sk\/wp-content\/uploads\/2020\/05\/IMG_8689-2-525x700.jpg\" class=\"attachment-project-gallery_ret size-project-gallery_ret\" alt=\"LED linie ve strop\u011b, zapu\u0161t\u011bn\u00fd LED profil ve strop\u011b, LED na chodb\u011b\" srcset=\"https:\/\/ledco.sk\/wp-content\/uploads\/2020\/05\/IMG_8689-2-525x700.jpg 525w, https:\/\/ledco.sk\/wp-content\/uploads\/2020\/05\/IMG_8689-2-225x300.jpg 225w, https:\/\/ledco.sk\/wp-content\/uploads\/2020\/05\/IMG_8689-2-300x400.jpg 300w, https:\/\/ledco.sk\/wp-content\/uploads\/2020\/05\/IMG_8689-2-600x800.jpg 600w, https:\/\/ledco.sk\/wp-content\/uploads\/2020\/05\/IMG_8689-2-488x650.jpg 488w, https:\/\/ledco.sk\/wp-content\/uploads\/2020\/05\/IMG_8689-2-194x258.jpg 194w, https:\/\/ledco.sk\/wp-content\/uploads\/2020\/05\/IMG_8689-2-387x516.jpg 387w, https:\/\/ledco.sk\/wp-content\/uploads\/2020\/05\/IMG_8689-2.jpg 735w\" sizes=\"(max-width: 525px) 100vw, 525px\" \/>                                <\/a>\n                                                            <a class=\"proj-gallery-item\" href=\"https:\/\/ledco.sk\/wp-content\/uploads\/2020\/05\/IMG_8713.jpg\" data-fancybox=\"images\" data-caption=\"\">\n                                                                        <img loading=\"lazy\" decoding=\"async\" width=\"525\" height=\"700\" src=\"https:\/\/ledco.sk\/wp-content\/uploads\/2020\/05\/IMG_8713-525x700.jpg\" class=\"attachment-project-gallery_ret size-project-gallery_ret\" alt=\"LED osv\u011btlen\u00ed v koupeln\u011b, LED p\u00e1s nad zrcadlem\" srcset=\"https:\/\/ledco.sk\/wp-content\/uploads\/2020\/05\/IMG_8713-525x700.jpg 525w, https:\/\/ledco.sk\/wp-content\/uploads\/2020\/05\/IMG_8713-225x300.jpg 225w, https:\/\/ledco.sk\/wp-content\/uploads\/2020\/05\/IMG_8713-300x400.jpg 300w, https:\/\/ledco.sk\/wp-content\/uploads\/2020\/05\/IMG_8713-600x800.jpg 600w, https:\/\/ledco.sk\/wp-content\/uploads\/2020\/05\/IMG_8713-488x650.jpg 488w, https:\/\/ledco.sk\/wp-content\/uploads\/2020\/05\/IMG_8713-194x258.jpg 194w, https:\/\/ledco.sk\/wp-content\/uploads\/2020\/05\/IMG_8713-387x516.jpg 387w, https:\/\/ledco.sk\/wp-content\/uploads\/2020\/05\/IMG_8713.jpg 735w\" sizes=\"(max-width: 525px) 100vw, 525px\" \/>                                <\/a>\n                                                            <a class=\"proj-gallery-item\" href=\"https:\/\/ledco.sk\/wp-content\/uploads\/2020\/05\/IMG_8714.jpg\" data-fancybox=\"images\" data-caption=\"\">\n                                                                        <img loading=\"lazy\" decoding=\"async\" width=\"525\" height=\"700\" src=\"https:\/\/ledco.sk\/wp-content\/uploads\/2020\/05\/IMG_8714-525x700.jpg\" class=\"attachment-project-gallery_ret size-project-gallery_ret\" alt=\"LED profil v koupeln\u011b, zrcadlov\u00e9 sv\u00edtidlo, sv\u00edtidlo nad zrcadlo\" srcset=\"https:\/\/ledco.sk\/wp-content\/uploads\/2020\/05\/IMG_8714-525x700.jpg 525w, https:\/\/ledco.sk\/wp-content\/uploads\/2020\/05\/IMG_8714-225x300.jpg 225w, https:\/\/ledco.sk\/wp-content\/uploads\/2020\/05\/IMG_8714-300x400.jpg 300w, https:\/\/ledco.sk\/wp-content\/uploads\/2020\/05\/IMG_8714-600x800.jpg 600w, https:\/\/ledco.sk\/wp-content\/uploads\/2020\/05\/IMG_8714-488x650.jpg 488w, https:\/\/ledco.sk\/wp-content\/uploads\/2020\/05\/IMG_8714-194x258.jpg 194w, https:\/\/ledco.sk\/wp-content\/uploads\/2020\/05\/IMG_8714-387x516.jpg 387w, https:\/\/ledco.sk\/wp-content\/uploads\/2020\/05\/IMG_8714.jpg 735w\" sizes=\"(max-width: 525px) 100vw, 525px\" \/>                                <\/a>\n                                                <\/div>\n                <\/div>\n            <\/div>\n        <\/div>\n    <\/section>\n\n\n    <section id=\"block_5ecce4f5fc180\" class=\"section-transparent pt-9 section  section-text align-full\">\n        <div class=\"container\">\n            <div class=\"row justify-content-center\">\n                <div class=\"col-12\">\n                                        <p>\u010eal\u0161ou \u00falohou bolo vytvori\u0165 t\u00e9matick\u00e9 osvetlenie wellness priestorov. Nako\u013eko sa objekt nach\u00e1dza vo vin\u00e1rskej oblasti a dokonca aj v jeho are\u00e1li sa nach\u00e1dzaj\u00fa vinice, stropn\u00e9 \u010dasti sa navrhli z materi\u00e1lov a tvarov pod\u013ea vinn\u00fdch sudov. Tu sa taktie\u017e vyu\u017eilo nepriame osvetlenie pomocou LED p\u00e1sov a poh\u013ead do stropnej \u010dasti sme spr\u00edjemnili s mal\u00fdmi LED bodmi ktor\u00e9 napodob\u0148uj\u00fa <a href=\"https:\/\/shop.ledco.sk\/hviezdne-nebo-sety\/\" target=\"_blank\" rel=\"noopener\">hviezdne nebo<\/a>.<\/p>\n<p>V exteri\u00e9ri sa ve\u010dern\u00e9 osvetlenie vytvorilo s pou\u017eit\u00edm exteri\u00e9rov\u00fdch svietidiel zna\u010dky <a href=\"https:\/\/shop.ledco.sk\/exterierove-svietidla\/p,a,12,0,f:m-52\/\" target=\"_blank\" rel=\"noopener\">Philips<\/a>, v kombin\u00e1cii\u00a0 s n\u00e1stenn\u00fdmi svietidlami a popri chodn\u00edkoch a pr\u00edjazdov\u00fdch ciest so st\u013apikov\u00fdmi svietidlami.<\/p>\n                <\/div>\n            <\/div>\n        <\/div>\n    <\/section>\n\n\n    <section id=\"block_5ecce502fc181\" class=\"section-transparent pt-9 section  section-tile align-full\">\n        <div class=\"container\">\n            <div class=\"row\">\n                <div class=\"col-12\">\n                    <div class=\"projGallery\" >\n                                                        <a class=\"proj-gallery-item\" href=\"https:\/\/ledco.sk\/wp-content\/uploads\/2020\/05\/IMG_8375.jpg\" data-fancybox=\"images\" data-caption=\"\">\n                                                                        <img loading=\"lazy\" decoding=\"async\" width=\"934\" height=\"700\" src=\"https:\/\/ledco.sk\/wp-content\/uploads\/2020\/05\/IMG_8375-934x700.jpg\" class=\"attachment-project-gallery_ret size-project-gallery_ret\" alt=\"Exteri\u00e9rov\u00e9 LED osv\u011btlen\u00ed\" srcset=\"https:\/\/ledco.sk\/wp-content\/uploads\/2020\/05\/IMG_8375-934x700.jpg 934w, https:\/\/ledco.sk\/wp-content\/uploads\/2020\/05\/IMG_8375-300x225.jpg 300w, https:\/\/ledco.sk\/wp-content\/uploads\/2020\/05\/IMG_8375-1024x768.jpg 1024w, https:\/\/ledco.sk\/wp-content\/uploads\/2020\/05\/IMG_8375-768x576.jpg 768w, https:\/\/ledco.sk\/wp-content\/uploads\/2020\/05\/IMG_8375-600x450.jpg 600w, https:\/\/ledco.sk\/wp-content\/uploads\/2020\/05\/IMG_8375-867x650.jpg 867w, https:\/\/ledco.sk\/wp-content\/uploads\/2020\/05\/IMG_8375-344x258.jpg 344w, https:\/\/ledco.sk\/wp-content\/uploads\/2020\/05\/IMG_8375-688x516.jpg 688w, https:\/\/ledco.sk\/wp-content\/uploads\/2020\/05\/IMG_8375.jpg 1307w\" sizes=\"(max-width: 934px) 100vw, 934px\" \/>                                <\/a>\n                                                            <a class=\"proj-gallery-item\" href=\"https:\/\/ledco.sk\/wp-content\/uploads\/2020\/05\/IMG_8385.jpg\" data-fancybox=\"images\" data-caption=\"\">\n                                                                        <img loading=\"lazy\" decoding=\"async\" width=\"934\" height=\"700\" src=\"https:\/\/ledco.sk\/wp-content\/uploads\/2020\/05\/IMG_8385-934x700.jpg\" class=\"attachment-project-gallery_ret size-project-gallery_ret\" alt=\"Hv\u011bzdn\u00e9 nebe, wellness osv\u011btlen\u00ed, LED body ve wellness\" srcset=\"https:\/\/ledco.sk\/wp-content\/uploads\/2020\/05\/IMG_8385-934x700.jpg 934w, https:\/\/ledco.sk\/wp-content\/uploads\/2020\/05\/IMG_8385-300x225.jpg 300w, https:\/\/ledco.sk\/wp-content\/uploads\/2020\/05\/IMG_8385-1024x768.jpg 1024w, https:\/\/ledco.sk\/wp-content\/uploads\/2020\/05\/IMG_8385-768x576.jpg 768w, https:\/\/ledco.sk\/wp-content\/uploads\/2020\/05\/IMG_8385-600x450.jpg 600w, https:\/\/ledco.sk\/wp-content\/uploads\/2020\/05\/IMG_8385-867x650.jpg 867w, https:\/\/ledco.sk\/wp-content\/uploads\/2020\/05\/IMG_8385-344x258.jpg 344w, https:\/\/ledco.sk\/wp-content\/uploads\/2020\/05\/IMG_8385-688x516.jpg 688w, https:\/\/ledco.sk\/wp-content\/uploads\/2020\/05\/IMG_8385.jpg 1307w\" sizes=\"(max-width: 934px) 100vw, 934px\" \/>                                <\/a>\n                                                            <a class=\"proj-gallery-item\" href=\"https:\/\/ledco.sk\/wp-content\/uploads\/2020\/05\/IMG_8664.jpg\" data-fancybox=\"images\" data-caption=\"\">\n                                                                        <img loading=\"lazy\" decoding=\"async\" width=\"934\" height=\"700\" src=\"https:\/\/ledco.sk\/wp-content\/uploads\/2020\/05\/IMG_8664-934x700.jpg\" class=\"attachment-project-gallery_ret size-project-gallery_ret\" alt=\"Exteri\u00e9rov\u00e9 LED osv\u011btlen\u00ed\" srcset=\"https:\/\/ledco.sk\/wp-content\/uploads\/2020\/05\/IMG_8664-934x700.jpg 934w, https:\/\/ledco.sk\/wp-content\/uploads\/2020\/05\/IMG_8664-300x225.jpg 300w, https:\/\/ledco.sk\/wp-content\/uploads\/2020\/05\/IMG_8664-1024x768.jpg 1024w, https:\/\/ledco.sk\/wp-content\/uploads\/2020\/05\/IMG_8664-768x576.jpg 768w, https:\/\/ledco.sk\/wp-content\/uploads\/2020\/05\/IMG_8664-600x450.jpg 600w, https:\/\/ledco.sk\/wp-content\/uploads\/2020\/05\/IMG_8664-867x650.jpg 867w, https:\/\/ledco.sk\/wp-content\/uploads\/2020\/05\/IMG_8664-344x258.jpg 344w, https:\/\/ledco.sk\/wp-content\/uploads\/2020\/05\/IMG_8664-688x516.jpg 688w, https:\/\/ledco.sk\/wp-content\/uploads\/2020\/05\/IMG_8664.jpg 1307w\" sizes=\"(max-width: 934px) 100vw, 934px\" \/>                                <\/a>\n                                                            <a class=\"proj-gallery-item\" href=\"https:\/\/ledco.sk\/wp-content\/uploads\/2020\/05\/IMG_8738.jpg\" data-fancybox=\"images\" data-caption=\"\">\n                                                                        <img loading=\"lazy\" decoding=\"async\" width=\"525\" height=\"700\" src=\"https:\/\/ledco.sk\/wp-content\/uploads\/2020\/05\/IMG_8738-525x700.jpg\" class=\"attachment-project-gallery_ret size-project-gallery_ret\" alt=\"Hv\u011bzdn\u00e9 nebe, wellness osv\u011btlen\u00ed, LED body ve wellness\" srcset=\"https:\/\/ledco.sk\/wp-content\/uploads\/2020\/05\/IMG_8738-525x700.jpg 525w, https:\/\/ledco.sk\/wp-content\/uploads\/2020\/05\/IMG_8738-225x300.jpg 225w, https:\/\/ledco.sk\/wp-content\/uploads\/2020\/05\/IMG_8738-300x400.jpg 300w, https:\/\/ledco.sk\/wp-content\/uploads\/2020\/05\/IMG_8738-600x800.jpg 600w, https:\/\/ledco.sk\/wp-content\/uploads\/2020\/05\/IMG_8738-488x650.jpg 488w, https:\/\/ledco.sk\/wp-content\/uploads\/2020\/05\/IMG_8738-194x258.jpg 194w, https:\/\/ledco.sk\/wp-content\/uploads\/2020\/05\/IMG_8738-387x516.jpg 387w, https:\/\/ledco.sk\/wp-content\/uploads\/2020\/05\/IMG_8738.jpg 735w\" sizes=\"(max-width: 525px) 100vw, 525px\" \/>                                <\/a>\n                                                            <a class=\"proj-gallery-item\" href=\"https:\/\/ledco.sk\/wp-content\/uploads\/2020\/05\/IMG_8753-1.jpg\" data-fancybox=\"images\" data-caption=\"\">\n                                                                        <img loading=\"lazy\" decoding=\"async\" width=\"934\" height=\"700\" src=\"https:\/\/ledco.sk\/wp-content\/uploads\/2020\/05\/IMG_8753-1-934x700.jpg\" class=\"attachment-project-gallery_ret size-project-gallery_ret\" alt=\"Exteri\u00e9rov\u00e9 LED osv\u011btlen\u00ed, Philips\" srcset=\"https:\/\/ledco.sk\/wp-content\/uploads\/2020\/05\/IMG_8753-1-934x700.jpg 934w, https:\/\/ledco.sk\/wp-content\/uploads\/2020\/05\/IMG_8753-1-300x225.jpg 300w, https:\/\/ledco.sk\/wp-content\/uploads\/2020\/05\/IMG_8753-1-1024x768.jpg 1024w, https:\/\/ledco.sk\/wp-content\/uploads\/2020\/05\/IMG_8753-1-768x576.jpg 768w, https:\/\/ledco.sk\/wp-content\/uploads\/2020\/05\/IMG_8753-1-600x450.jpg 600w, https:\/\/ledco.sk\/wp-content\/uploads\/2020\/05\/IMG_8753-1-867x650.jpg 867w, https:\/\/ledco.sk\/wp-content\/uploads\/2020\/05\/IMG_8753-1-344x258.jpg 344w, https:\/\/ledco.sk\/wp-content\/uploads\/2020\/05\/IMG_8753-1-688x516.jpg 688w, https:\/\/ledco.sk\/wp-content\/uploads\/2020\/05\/IMG_8753-1.jpg 1307w\" sizes=\"(max-width: 934px) 100vw, 934px\" \/>                                <\/a>\n                                                <\/div>\n                <\/div>\n            <\/div>\n        <\/div>\n    <\/section>\n\n","protected":false},"featured_media":102473,"menu_order":4,"template":"","format":"standard","meta":{"_acf_changed":false,"footnotes":""},"tags":[],"ledco_projects_categories":[97],"class_list":["post-102934","ledco_projects","type-ledco_projects","status-publish","format-standard","has-post-thumbnail","hentry","ledco_projects_categories-rodinne-domy-a-byty"],"acf":[],"yoast_head":"<!-- This site is optimized with the Yoast SEO plugin v25.0 - https:\/\/yoast.com\/wordpress\/plugins\/seo\/ -->\n<title>Apartm\u00e1nov\u00fd d\u016fm se sv\u00edtidly Foscarini - Ledco<\/title>\n<meta name=\"description\" content=\"Komplexn\u00ed n\u00e1vrh a v\u00fdb\u011br sv\u00edtidel pro apartm\u00e1nov\u00fd d\u016fm v interi\u00e9rov\u00e9 a exteri\u00e9rov\u00e9 \u010d\u00e1sti. Pou\u017eit\u00e9 byly sv\u00edtidla presti\u017en\u00ed zna\u010dky Fosarini.\" \/>\n<meta name=\"robots\" content=\"index, follow, max-snippet:-1, max-image-preview:large, max-video-preview:-1\" \/>\n<link rel=\"canonical\" href=\"https:\/\/ledco.sk\/cs\/projekty\/apartmanovy-dum-se-svitidly-foscarini\/\" \/>\n<meta property=\"og:locale\" content=\"cs_CZ\" \/>\n<meta property=\"og:type\" content=\"article\" \/>\n<meta property=\"og:title\" content=\"Apartm\u00e1nov\u00fd d\u016fm se sv\u00edtidly Foscarini - Ledco\" \/>\n<meta property=\"og:description\" content=\"Komplexn\u00ed n\u00e1vrh a v\u00fdb\u011br sv\u00edtidel pro apartm\u00e1nov\u00fd d\u016fm v interi\u00e9rov\u00e9 a exteri\u00e9rov\u00e9 \u010d\u00e1sti. Pou\u017eit\u00e9 byly sv\u00edtidla presti\u017en\u00ed zna\u010dky Fosarini.\" \/>\n<meta property=\"og:url\" content=\"https:\/\/ledco.sk\/cs\/projekty\/apartmanovy-dum-se-svitidly-foscarini\/\" \/>\n<meta property=\"og:site_name\" content=\"Ledco\" \/>\n<meta property=\"article:publisher\" content=\"https:\/\/www.facebook.com\/pages\/LEDCO-sro\/172577579457232?fref=ts\" \/>\n<meta property=\"article:modified_time\" content=\"2021-09-24T15:33:28+00:00\" \/>\n<meta property=\"og:image\" content=\"https:\/\/ledco.sk\/wp-content\/uploads\/2020\/05\/IMG_8753.jpg\" \/>\n\t<meta property=\"og:image:width\" content=\"1140\" \/>\n\t<meta property=\"og:image:height\" content=\"855\" \/>\n\t<meta property=\"og:image:type\" content=\"image\/jpeg\" \/>\n<meta name=\"twitter:card\" content=\"summary_large_image\" \/>\n<meta name=\"twitter:site\" content=\"@ledcolighting\" \/>\n<script type=\"application\/ld+json\" class=\"yoast-schema-graph\">{\"@context\":\"https:\/\/schema.org\",\"@graph\":[{\"@type\":\"WebPage\",\"@id\":\"https:\/\/ledco.sk\/cs\/projekty\/apartmanovy-dum-se-svitidly-foscarini\/\",\"url\":\"https:\/\/ledco.sk\/cs\/projekty\/apartmanovy-dum-se-svitidly-foscarini\/\",\"name\":\"Apartm\u00e1nov\u00fd d\u016fm se sv\u00edtidly Foscarini - Ledco\",\"isPartOf\":{\"@id\":\"https:\/\/ledco.sk\/cs\/#website\"},\"primaryImageOfPage\":{\"@id\":\"https:\/\/ledco.sk\/cs\/projekty\/apartmanovy-dum-se-svitidly-foscarini\/#primaryimage\"},\"image\":{\"@id\":\"https:\/\/ledco.sk\/cs\/projekty\/apartmanovy-dum-se-svitidly-foscarini\/#primaryimage\"},\"thumbnailUrl\":\"https:\/\/ledco.sk\/wp-content\/uploads\/2020\/05\/IMG_8753.jpg\",\"datePublished\":\"2020-06-09T11:19:36+00:00\",\"dateModified\":\"2021-09-24T15:33:28+00:00\",\"description\":\"Komplexn\u00ed n\u00e1vrh a v\u00fdb\u011br sv\u00edtidel pro apartm\u00e1nov\u00fd d\u016fm v interi\u00e9rov\u00e9 a exteri\u00e9rov\u00e9 \u010d\u00e1sti. Pou\u017eit\u00e9 byly sv\u00edtidla presti\u017en\u00ed zna\u010dky Fosarini.\",\"breadcrumb\":{\"@id\":\"https:\/\/ledco.sk\/cs\/projekty\/apartmanovy-dum-se-svitidly-foscarini\/#breadcrumb\"},\"inLanguage\":\"cs\",\"potentialAction\":[{\"@type\":\"ReadAction\",\"target\":[\"https:\/\/ledco.sk\/cs\/projekty\/apartmanovy-dum-se-svitidly-foscarini\/\"]}]},{\"@type\":\"ImageObject\",\"inLanguage\":\"cs\",\"@id\":\"https:\/\/ledco.sk\/cs\/projekty\/apartmanovy-dum-se-svitidly-foscarini\/#primaryimage\",\"url\":\"https:\/\/ledco.sk\/wp-content\/uploads\/2020\/05\/IMG_8753.jpg\",\"contentUrl\":\"https:\/\/ledco.sk\/wp-content\/uploads\/2020\/05\/IMG_8753.jpg\",\"width\":1140,\"height\":855,\"caption\":\"Exteri\u00e9rov\u00e9 sv\u00edtidla, LED osv\u011btlen\u00ed zahrady, sloupkov\u00e1 sv\u00edtidla, Philips outdoor\"},{\"@type\":\"BreadcrumbList\",\"@id\":\"https:\/\/ledco.sk\/cs\/projekty\/apartmanovy-dum-se-svitidly-foscarini\/#breadcrumb\",\"itemListElement\":[{\"@type\":\"ListItem\",\"position\":1,\"name\":\"Home\",\"item\":\"https:\/\/ledco.sk\/cs\/\"},{\"@type\":\"ListItem\",\"position\":2,\"name\":\"Projekty\",\"item\":\"https:\/\/ledco.sk\/cs\/projekty\/\"},{\"@type\":\"ListItem\",\"position\":3,\"name\":\"Apartm\u00e1nov\u00fd d\u016fm se sv\u00edtidly Foscarini\"}]},{\"@type\":\"WebSite\",\"@id\":\"https:\/\/ledco.sk\/cs\/#website\",\"url\":\"https:\/\/ledco.sk\/cs\/\",\"name\":\"Ledco\",\"description\":\"Predaj svietidiel, n\u00e1vrh, poradenstvo a realiz\u00e1cia osvetlenia\",\"publisher\":{\"@id\":\"https:\/\/ledco.sk\/cs\/#organization\"},\"potentialAction\":[{\"@type\":\"SearchAction\",\"target\":{\"@type\":\"EntryPoint\",\"urlTemplate\":\"https:\/\/ledco.sk\/cs\/?s={search_term_string}\"},\"query-input\":{\"@type\":\"PropertyValueSpecification\",\"valueRequired\":true,\"valueName\":\"search_term_string\"}}],\"inLanguage\":\"cs\"},{\"@type\":\"Organization\",\"@id\":\"https:\/\/ledco.sk\/cs\/#organization\",\"name\":\"LEDCO s.r.o.\",\"url\":\"https:\/\/ledco.sk\/cs\/\",\"logo\":{\"@type\":\"ImageObject\",\"inLanguage\":\"cs\",\"@id\":\"https:\/\/ledco.sk\/cs\/#\/schema\/logo\/image\/\",\"url\":\"https:\/\/ledco.sk\/wp-content\/uploads\/2020\/03\/Logo_LEDCO.jpg\",\"contentUrl\":\"https:\/\/ledco.sk\/wp-content\/uploads\/2020\/03\/Logo_LEDCO.jpg\",\"width\":230,\"height\":73,\"caption\":\"LEDCO s.r.o.\"},\"image\":{\"@id\":\"https:\/\/ledco.sk\/cs\/#\/schema\/logo\/image\/\"},\"sameAs\":[\"https:\/\/www.facebook.com\/pages\/LEDCO-sro\/172577579457232?fref=ts\",\"https:\/\/x.com\/ledcolighting\",\"https:\/\/www.instagram.com\/ledco_lighting\/\",\"https:\/\/pinterest.com\/ledcolighting\/\",\"https:\/\/www.youtube.com\/user\/ledcoled\"]}]}<\/script>\n<!-- \/ Yoast SEO plugin. -->","yoast_head_json":{"title":"Apartm\u00e1nov\u00fd d\u016fm se sv\u00edtidly Foscarini - Ledco","description":"Komplexn\u00ed n\u00e1vrh a v\u00fdb\u011br sv\u00edtidel pro apartm\u00e1nov\u00fd d\u016fm v interi\u00e9rov\u00e9 a exteri\u00e9rov\u00e9 \u010d\u00e1sti. Pou\u017eit\u00e9 byly sv\u00edtidla presti\u017en\u00ed zna\u010dky Fosarini.","robots":{"index":"index","follow":"follow","max-snippet":"max-snippet:-1","max-image-preview":"max-image-preview:large","max-video-preview":"max-video-preview:-1"},"canonical":"https:\/\/ledco.sk\/cs\/projekty\/apartmanovy-dum-se-svitidly-foscarini\/","og_locale":"cs_CZ","og_type":"article","og_title":"Apartm\u00e1nov\u00fd d\u016fm se sv\u00edtidly Foscarini - Ledco","og_description":"Komplexn\u00ed n\u00e1vrh a v\u00fdb\u011br sv\u00edtidel pro apartm\u00e1nov\u00fd d\u016fm v interi\u00e9rov\u00e9 a exteri\u00e9rov\u00e9 \u010d\u00e1sti. Pou\u017eit\u00e9 byly sv\u00edtidla presti\u017en\u00ed zna\u010dky Fosarini.","og_url":"https:\/\/ledco.sk\/cs\/projekty\/apartmanovy-dum-se-svitidly-foscarini\/","og_site_name":"Ledco","article_publisher":"https:\/\/www.facebook.com\/pages\/LEDCO-sro\/172577579457232?fref=ts","article_modified_time":"2021-09-24T15:33:28+00:00","og_image":[{"width":1140,"height":855,"url":"https:\/\/ledco.sk\/wp-content\/uploads\/2020\/05\/IMG_8753.jpg","type":"image\/jpeg"}],"twitter_card":"summary_large_image","twitter_site":"@ledcolighting","schema":{"@context":"https:\/\/schema.org","@graph":[{"@type":"WebPage","@id":"https:\/\/ledco.sk\/cs\/projekty\/apartmanovy-dum-se-svitidly-foscarini\/","url":"https:\/\/ledco.sk\/cs\/projekty\/apartmanovy-dum-se-svitidly-foscarini\/","name":"Apartm\u00e1nov\u00fd d\u016fm se sv\u00edtidly Foscarini - Ledco","isPartOf":{"@id":"https:\/\/ledco.sk\/cs\/#website"},"primaryImageOfPage":{"@id":"https:\/\/ledco.sk\/cs\/projekty\/apartmanovy-dum-se-svitidly-foscarini\/#primaryimage"},"image":{"@id":"https:\/\/ledco.sk\/cs\/projekty\/apartmanovy-dum-se-svitidly-foscarini\/#primaryimage"},"thumbnailUrl":"https:\/\/ledco.sk\/wp-content\/uploads\/2020\/05\/IMG_8753.jpg","datePublished":"2020-06-09T11:19:36+00:00","dateModified":"2021-09-24T15:33:28+00:00","description":"Komplexn\u00ed n\u00e1vrh a v\u00fdb\u011br sv\u00edtidel pro apartm\u00e1nov\u00fd d\u016fm v interi\u00e9rov\u00e9 a exteri\u00e9rov\u00e9 \u010d\u00e1sti. Pou\u017eit\u00e9 byly sv\u00edtidla presti\u017en\u00ed zna\u010dky Fosarini.","breadcrumb":{"@id":"https:\/\/ledco.sk\/cs\/projekty\/apartmanovy-dum-se-svitidly-foscarini\/#breadcrumb"},"inLanguage":"cs","potentialAction":[{"@type":"ReadAction","target":["https:\/\/ledco.sk\/cs\/projekty\/apartmanovy-dum-se-svitidly-foscarini\/"]}]},{"@type":"ImageObject","inLanguage":"cs","@id":"https:\/\/ledco.sk\/cs\/projekty\/apartmanovy-dum-se-svitidly-foscarini\/#primaryimage","url":"https:\/\/ledco.sk\/wp-content\/uploads\/2020\/05\/IMG_8753.jpg","contentUrl":"https:\/\/ledco.sk\/wp-content\/uploads\/2020\/05\/IMG_8753.jpg","width":1140,"height":855,"caption":"Exteri\u00e9rov\u00e9 sv\u00edtidla, LED osv\u011btlen\u00ed zahrady, sloupkov\u00e1 sv\u00edtidla, Philips outdoor"},{"@type":"BreadcrumbList","@id":"https:\/\/ledco.sk\/cs\/projekty\/apartmanovy-dum-se-svitidly-foscarini\/#breadcrumb","itemListElement":[{"@type":"ListItem","position":1,"name":"Home","item":"https:\/\/ledco.sk\/cs\/"},{"@type":"ListItem","position":2,"name":"Projekty","item":"https:\/\/ledco.sk\/cs\/projekty\/"},{"@type":"ListItem","position":3,"name":"Apartm\u00e1nov\u00fd d\u016fm se sv\u00edtidly Foscarini"}]},{"@type":"WebSite","@id":"https:\/\/ledco.sk\/cs\/#website","url":"https:\/\/ledco.sk\/cs\/","name":"Ledco","description":"Predaj svietidiel, n\u00e1vrh, poradenstvo a realiz\u00e1cia osvetlenia","publisher":{"@id":"https:\/\/ledco.sk\/cs\/#organization"},"potentialAction":[{"@type":"SearchAction","target":{"@type":"EntryPoint","urlTemplate":"https:\/\/ledco.sk\/cs\/?s={search_term_string}"},"query-input":{"@type":"PropertyValueSpecification","valueRequired":true,"valueName":"search_term_string"}}],"inLanguage":"cs"},{"@type":"Organization","@id":"https:\/\/ledco.sk\/cs\/#organization","name":"LEDCO s.r.o.","url":"https:\/\/ledco.sk\/cs\/","logo":{"@type":"ImageObject","inLanguage":"cs","@id":"https:\/\/ledco.sk\/cs\/#\/schema\/logo\/image\/","url":"https:\/\/ledco.sk\/wp-content\/uploads\/2020\/03\/Logo_LEDCO.jpg","contentUrl":"https:\/\/ledco.sk\/wp-content\/uploads\/2020\/03\/Logo_LEDCO.jpg","width":230,"height":73,"caption":"LEDCO s.r.o."},"image":{"@id":"https:\/\/ledco.sk\/cs\/#\/schema\/logo\/image\/"},"sameAs":["https:\/\/www.facebook.com\/pages\/LEDCO-sro\/172577579457232?fref=ts","https:\/\/x.com\/ledcolighting","https:\/\/www.instagram.com\/ledco_lighting\/","https:\/\/pinterest.com\/ledcolighting\/","https:\/\/www.youtube.com\/user\/ledcoled"]}]}},"_links":{"self":[{"href":"https:\/\/ledco.sk\/cs\/wp-json\/wp\/v2\/ledco_projects\/102934","targetHints":{"allow":["GET"]}}],"collection":[{"href":"https:\/\/ledco.sk\/cs\/wp-json\/wp\/v2\/ledco_projects"}],"about":[{"href":"https:\/\/ledco.sk\/cs\/wp-json\/wp\/v2\/types\/ledco_projects"}],"version-history":[{"count":2,"href":"https:\/\/ledco.sk\/cs\/wp-json\/wp\/v2\/ledco_projects\/102934\/revisions"}],"predecessor-version":[{"id":108137,"href":"https:\/\/ledco.sk\/cs\/wp-json\/wp\/v2\/ledco_projects\/102934\/revisions\/108137"}],"wp:featuredmedia":[{"embeddable":true,"href":"https:\/\/ledco.sk\/cs\/wp-json\/wp\/v2\/media\/102473"}],"wp:attachment":[{"href":"https:\/\/ledco.sk\/cs\/wp-json\/wp\/v2\/media?parent=102934"}],"wp:term":[{"taxonomy":"post_tag","embeddable":true,"href":"https:\/\/ledco.sk\/cs\/wp-json\/wp\/v2\/tags?post=102934"},{"taxonomy":"ledco_projects_categories","embeddable":true,"href":"https:\/\/ledco.sk\/cs\/wp-json\/wp\/v2\/ledco_projects_categories?post=102934"}],"curies":[{"name":"wp","href":"https:\/\/api.w.org\/{rel}","templated":true}]}}