{"id":532,"date":"2020-02-14T11:48:39","date_gmt":"2020-02-14T10:48:39","guid":{"rendered":"https:\/\/ledco.sk\/?page_id=532"},"modified":"2026-08-03T14:36:38","modified_gmt":"2026-08-03T12:36:38","slug":"uvodna-stranka","status":"publish","type":"page","link":"https:\/\/ledco.sk\/cs\/","title":{"rendered":"Domovsk\u00e1 str\u00e1nka"},"content":{"rendered":"\n    <section id=\"block_1fc6c4376ba56cb1e4932b2df9196da0\" class=\"section-transparent  section  section-header-slider page-header align-full\">\n        <div id=\"slider-block_1fc6c4376ba56cb1e4932b2df9196da0\" class=\"slick-header\">\n                        <div>\n                <div class=\"slick-item\" style=\"background-image: url( https:\/\/ledco.sk\/wp-content\/uploads\/2020\/03\/LED_Pezinok_031.jpg );\">\n                                        <div class=\"slide-header-wrapper\">\n                                                <p class=\"slide-header h1\">Italsk\u00e1 extravagance v \u010dist\u00e9m prostoru<\/p>\n                                                <div class=\"btn-wrapper text-center pt-1 pt-sm-4 pt-md-8\">\n                            <a class=\"btn btn-primary btn-sm\" href=\"https:\/\/ledco.sk\/projekty\/luxusne-svietidla-v-rodinnom-dome\/\" title=\"V\u00edce o projektu\" target=\"_self\"><span>V\u00edce o projektu<\/span><\/a>\n                        <\/div>\n                                            <\/div>\n                                    <\/div>\n            <\/div>\n                        <div>\n                <div class=\"slick-item\" style=\"background-image: url( https:\/\/ledco.sk\/wp-content\/uploads\/2020\/03\/JT_012-1.jpg );\">\n                                        <div class=\"slide-header-wrapper\">\n                                                <p class=\"slide-header h1\">J&amp;T Banka<\/p>\n                                            <\/div>\n                                    <\/div>\n            <\/div>\n                        <div>\n                <div class=\"slick-item\" style=\"background-image: url( https:\/\/ledco.sk\/wp-content\/uploads\/2020\/03\/Cecil_StreetOne_LED_011-1.jpg );\">\n                                        <div class=\"slide-header-wrapper\">\n                                                <p class=\"slide-header h1\">Osv\u011btlen\u00ed obchodn\u00edch prostor<\/p>\n                                            <\/div>\n                                    <\/div>\n            <\/div>\n                        <div>\n                <div class=\"slick-item\" style=\"background-image: url( https:\/\/ledco.sk\/wp-content\/uploads\/2020\/03\/LED_Trnava_0003-1.jpg );\">\n                                        <div class=\"slide-header-wrapper\">\n                                                <p class=\"slide-header h1\">Skandin\u00e1vsk\u00fd \u00fatuln\u00fd styl<\/p>\n                                            <\/div>\n                                    <\/div>\n            <\/div>\n                        <div>\n                <div class=\"slick-item\" style=\"background-image: url( https:\/\/ledco.sk\/wp-content\/uploads\/2020\/04\/RGB_LED_Biskupsky_hostinec-5-1.jpg );\">\n                                        <div class=\"slide-header-wrapper\">\n                                                <p class=\"slide-header h1\">Architektonick\u00e9 LED osv\u011btlen\u00ed<\/p>\n                                                <div class=\"btn-wrapper text-center pt-1 pt-sm-4 pt-md-8\">\n                            <a class=\"btn btn-primary btn-sm\" href=\"https:\/\/ledco.sk\/projekty\/osvetlenie-exterieru-rgb-svietidlami\/\" title=\"V\u00edce o projektu\" target=\"_self\"><span>V\u00edce o projektu<\/span><\/a>\n                        <\/div>\n                                            <\/div>\n                                    <\/div>\n            <\/div>\n                    <\/div>\n    <\/section>\n    <script>\n        document.addEventListener(\"DOMContentLoaded\", function( event ) {\n            var homeSlider = jQuery( '#slider-block_1fc6c4376ba56cb1e4932b2df9196da0' );\n            if ( homeSlider.length ) {\n                homeSlider.slick( {\n                    dots: true,\n                    autoplay: true,\n                    autoplaySpeed: 4500,\n                    fade: true,\n                    speed: 300,\n                    cssEase: 'ease-in-out',\n                    arrows: false\n                } );\n            }\n        } )\n    <\/script>\n\n\n\n\n    <section id=\"block_c31a67a83873f0c9807a8d562fa88d8d\" class=\"section-transparent py-md-15 py-9 section  section-about with-mask align-full\">\n        <div class=\"container\">\n            <div class=\"row\">\n                <div class=\"col-md-7 col-lg-6\">\n                                        <h1 class=\"section-small mb-6\">Prin\u00e1\u0161ame v\u00e1m svetlo do \u017eivota<\/h1>\n                    <p>Spole\u010dnost LEDCO s.r.o. vznikla vy\u010dlen\u011bn\u00edm se od spole\u010dnosti LEDCO Corporation s.r.o. s c\u00edlem zv\u00fd\u0161it kvalitu nab\u00edzen\u00fdch slu\u017eeb a produkt\u016f v dynamicky se rozv\u00edjej\u00edc\u00ed oblasti sv\u011bteln\u00e9 techniky. Do obchodn\u00edho rejst\u0159\u00edku byla zaps\u00e1na v roce 2009, ale jej\u00ed historie sah\u00e1 do roku 2004, kdy jej\u00ed zakladatel\u016f okouzlil obrovsk\u00fd potenci\u00e1l ve vysoce sv\u00edtiv\u00fdch diod\u00e1ch LED. Klient\u016fm nab\u00edz\u00edme \u0161irokou \u0161k\u00e1lu komplexn\u00edch slu\u017eeb v oblasti osv\u011btlen\u00ed. Po\u010d\u00ednaje prvotn\u00ed konzultac\u00ed se z\u00e1kazn\u00edkem a vyjasn\u011bn\u00ed si jeho po\u017eadavk\u016f na osv\u011btlen\u00ed a\u017e po kone\u010dnou realizaci syst\u00e9mu osv\u011btlen\u00ed. Nab\u00edz\u00edme sv\u00edtidla renomovan\u00fdch zna\u010dek, kvalitn\u00ed LED komponenty a p\u0159\u00edslu\u0161enstv\u00ed, vyr\u00e1b\u00edme unik\u00e1tn\u00ed sv\u00edtidla \u0161it\u00e9 na m\u00edru konkr\u00e9tn\u00edch projekt\u016f \u010di navrhujeme a integrujeme \u0159\u00eddic\u00ed syst\u00e9my pro sv\u011bteln\u00e9 soustavy.<\/p>\n                    <div class=\"button-wrap\">\n                        <a class=\"btn btn-primary\" href=\"https:\/\/ledco.sk\/cs\/kontakt\/\" target=\"_self\" title=\"V\u00edce o n\u00e1s\">V\u00edce o n\u00e1s<\/a>\n                    <\/div>\n                                    <\/div>\n                <div class=\"col-md-5 col-lg-6 rellax-wrapper\">\n                    <div class=\"masked-image\" style=\"background-color: #e4e5e4;\">\n                        <img decoding=\"async\" src=\"https:\/\/ledco.sk\/wp-content\/uploads\/2020\/02\/about-bg.jpg\" class=\"rellax\" data-rellax-speed=\"-3\" alt=\"pozadie\">                    <\/div>\n                <\/div>\n            <\/div>\n        <\/div>\n        <script>\n            document.addEventListener(\"DOMContentLoaded\", function ( event ) {\n                \/\/ Center all the things!\n                if( jQuery( '.rellax' ).length ) {\n                    var rellax = new Rellax('.rellax', {\n                        center: true,\n                        wrapper: null,\n                        vertical: true,\n                        horizontal: false\n                    });\n                }\n            })\n        <\/script>\n    <\/section>\n\n\n\n\n    <section id=\"block_e3a5c5c7cfea44762354e94b79bbd6ed\" class=\"section-gray py-md-15 py-9 section  section-services align-full\">\n        <div class=\"container\">\n                            <div class=\"row\">\n                    <div class=\"col\">\n                        <h1 class=\"mb-10 text-center\">Na\u0161e slu\u017eby<\/h1>\n                    <\/div>\n                <\/div>\n                        <div class=\"row\">\n                                <div class=\"col-md-6 col-lg-4\">\n                    <a href=\"https:\/\/ledco.sk\/sluzby\/projekty-osvetlenia\/\" class=\"read-more\">\n                        <div class=\"card-ledco\">\n                            <div class=\"card-ledco-header color-covered\">\n                                <img decoding=\"async\" src=\"https:\/\/ledco.sk\/wp-content\/uploads\/2020\/02\/projekty_osvetlenia_1c-350x213.jpg\" srcset=\"https:\/\/ledco.sk\/wp-content\/uploads\/2020\/02\/projekty_osvetlenia_1c-350x213.jpg 1x, https:\/\/ledco.sk\/wp-content\/uploads\/2020\/02\/projekty_osvetlenia_1c-700x426.jpg 2x\" alt=\"Projekty osvetlenia\">                                <h3>Profesion\u00e1lne projekty osvetlenia na mieru<\/h3>\n                            <\/div>\n                            <div class=\"card-ledco-content\">\n                                <p>Ak si neviete rady s v\u00fdberom svietidiel, vo\u013ebou technol\u00f3gie \u010di v\u00fdkonu a po\u010dtu sveteln\u00fdch bodov, radi V\u00e1m navrhneme najvhodnej\u0161ie rie\u0161enie osvetlenia, ktor\u00e9 bude v \u010do mo\u017eno najviac zodpoveda\u0165 Va\u0161im predstav\u00e1m. Vyberieme pre V\u00e1s adekv\u00e1tne svietidl\u00e1 a syst\u00e9my riadenia.<\/p>\n                                <div class=\"text-right\">\n                                    <i class=\"icon ledco-arrow-thin-right\"><\/i>\n                                <\/div>\n                            <\/div>\n                        <\/div>\n                    <\/a>\n                <\/div>\n                                <div class=\"col-md-6 col-lg-4\">\n                    <a href=\"https:\/\/ledco.sk\/sluzby\/predaj-svietidiel\/\" class=\"read-more\">\n                        <div class=\"card-ledco\">\n                            <div class=\"card-ledco-header color-covered\">\n                                <img decoding=\"async\" src=\"https:\/\/ledco.sk\/wp-content\/uploads\/2020\/02\/MyPicture415-350x213.jpeg\" srcset=\"https:\/\/ledco.sk\/wp-content\/uploads\/2020\/02\/MyPicture415-350x213.jpeg 1x, https:\/\/ledco.sk\/wp-content\/uploads\/2020\/02\/MyPicture415-700x426.jpeg 2x\" alt=\"\">                                <h3>Predaj svietidiel a sveteln\u00fdch rie\u0161en\u00ed<\/h3>\n                            <\/div>\n                            <div class=\"card-ledco-content\">\n                                <p>Ve\u013ekoobchod a maloobchod svietidiel, LED komponentov, pr\u00edslu\u0161enstva pre LED svietidl\u00e1, elektroin\u0161tala\u010dn\u00e9ho materi\u00e1lu&#8230;<\/p>\n                                <div class=\"text-right\">\n                                    <i class=\"icon ledco-arrow-thin-right\"><\/i>\n                                <\/div>\n                            <\/div>\n                        <\/div>\n                    <\/a>\n                <\/div>\n                                <div class=\"col-md-6 col-lg-4\">\n                    <a href=\"https:\/\/ledco.sk\/sluzby\/zakazkova-vyroba-svietidiel\/\" class=\"read-more\">\n                        <div class=\"card-ledco\">\n                            <div class=\"card-ledco-header color-covered\">\n                                <img decoding=\"async\" src=\"https:\/\/ledco.sk\/wp-content\/uploads\/2020\/04\/WPA-5-350x213.jpg\" srcset=\"https:\/\/ledco.sk\/wp-content\/uploads\/2020\/04\/WPA-5-350x213.jpg 1x, https:\/\/ledco.sk\/wp-content\/uploads\/2020\/04\/WPA-5-700x426.jpg 2x\" alt=\"svietidlo na mieru, z\u00e1vesn\u00e9 svietidlo zasada\u010dky, dreven\u00e9 svietidlo, svietidlo v tvare kr\u00eddla\">                                <h3>Z\u00e1kazkov\u00e1 v\u00fdroba svietidiel<\/h3>\n                            <\/div>\n                            <div class=\"card-ledco-content\">\n                                <p>V\u00fdroba v\u00fdnimo\u010dn\u00fdch svietidiel unik\u00e1tnych tvarov a vyhotoven\u00ed. Pon\u00fakame jedine\u010dn\u00e9 ru\u010dne vyr\u00e1ban\u00e9 lampy z r\u00f4znych materi\u00e1lov ako napr\u00edklad z drevenej d\u00fdhy, smrekov\u00e9ho mas\u00edvu, sadry, kart\u00f3ny, skla, text\u00edli\u00ed a in\u00fdch. Ka\u017ed\u00fd kus je origin\u00e1l z r\u00fak \u0161ikovn\u00fdch majstrov a architektov.<\/p>\n                                <div class=\"text-right\">\n                                    <i class=\"icon ledco-arrow-thin-right\"><\/i>\n                                <\/div>\n                            <\/div>\n                        <\/div>\n                    <\/a>\n                <\/div>\n                            <\/div>\n        <\/div>\n    <\/section>\n\n\n\n\n    <section id=\"block_36a9b25cbad53847b33e23e6649a40ca\" class=\"section-black py-10 py-md-22 section  section-counter align-full\">\n        <img decoding=\"async\" class=\"led-parade\" src=\"https:\/\/ledco.sk\/wp-content\/themes\/ledco\/assets\/images\/led.svg\" alt=\"led\">        <div class=\"container\">\n            <div class=\"row\">\n                                        <div class=\"col-12 pb-8\">\n                            <h1 class=\"text-center\"><\/h1>\n                        <\/div>\n                                        <div class=\"col-12\">\n                    <div class=\"counter-wrap\">\n                                                    <div class=\"count-box\">\n                                <i class=\"ledco-ledco-bulb\"><\/i>\n                                <div class=\"countup\">16<\/div>\n                                <div class=\"countup-text\">let jsme tu pro V\u00e1s<\/div>\n                            <\/div>\n                                                    <div class=\"count-box\">\n                                <i class=\"ledco-chart-bar\"><\/i>\n                                <div class=\"countup\">2650<\/div>\n                                <div class=\"countup-text\">Realizovan\u00fdch projekt\u016f<\/div>\n                            <\/div>\n                                                    <div class=\"count-box\">\n                                <i class=\"ledco-shopping-cart1\"><\/i>\n                                <div class=\"countup\">136<\/div>\n                                <div class=\"countup-text\">Zna\u010dek sv\u00edtidel<\/div>\n                            <\/div>\n                                                    <div class=\"count-box\">\n                                <i class=\"ledco-user\"><\/i>\n                                <div class=\"countup\">15<\/div>\n                                <div class=\"countup-text\">\u010clen\u00fa t\u00fdmu<\/div>\n                            <\/div>\n                                            <\/div>\n                <\/div>\n            <\/div>\n        <\/div>\n    <\/section>\n\n\n\n\n    <section id=\"block_4192fd41e2b731e1aba16212198e5f1e\" class=\"section-transparent py-md-15 py-9 section  section-catalogue align-full\">\n        <div class=\"container\">\n            <div class=\"row\">\n                <div class=\"col-12\">\n                    <h1 class=\"mb-10 text-center\">Katalogy<\/h1>\n                <\/div>\n            <\/div>\n            <div class=\"row\">\n                <div class=\"col-12\">\n                    <div id=\"catalog-slider\">\n                                                        <div>\n                                    <div class=\"catalog-slider-item\">\n                                        <a href=\"https:\/\/ledco.sk\/cs\/katalogy\/redo-outdoor\/\" title=\"REDO OUTDOOR\">\n                                            <img decoding=\"async\" src=\"https:\/\/ledco.sk\/wp-content\/uploads\/2025\/11\/REDO-Catalogue-Outdoor-2026_titulka-200x216.png\" srcset=\"https:\/\/ledco.sk\/wp-content\/uploads\/2025\/11\/REDO-Catalogue-Outdoor-2026_titulka-200x216.png 1x, https:\/\/ledco.sk\/wp-content\/uploads\/2025\/11\/REDO-Catalogue-Outdoor-2026_titulka-400x432.png 2x\" alt=\"\">                                            <div class=\"catalog-slider-name\">\n                                                <h4 class=\"text-center\">REDO OUTDOOR <\/h4>\n                                            <\/div>\n                                        <\/a>\n                                    <\/div>\n                                <\/div>\n                                                            <div>\n                                    <div class=\"catalog-slider-item\">\n                                        <a href=\"https:\/\/ledco.sk\/cs\/katalogy\/muuto-indoor\/\" title=\"MUUTO &#8211; INDOOR\">\n                                            <img decoding=\"async\" src=\"https:\/\/ledco.sk\/wp-content\/uploads\/2025\/07\/Katalog-svietidiel-MUUTO-2024_2025_Titulka-200x216.png\" srcset=\"https:\/\/ledco.sk\/wp-content\/uploads\/2025\/07\/Katalog-svietidiel-MUUTO-2024_2025_Titulka-200x216.png 1x, https:\/\/ledco.sk\/wp-content\/uploads\/2025\/07\/Katalog-svietidiel-MUUTO-2024_2025_Titulka-400x432.png 2x\" alt=\"\">                                            <div class=\"catalog-slider-name\">\n                                                <h4 class=\"text-center\">MUUTO &#8211; INDOOR <\/h4>\n                                            <\/div>\n                                        <\/a>\n                                    <\/div>\n                                <\/div>\n                                                            <div>\n                                    <div class=\"catalog-slider-item\">\n                                        <a href=\"https:\/\/ledco.sk\/cs\/katalogy\/maxlight\/\" title=\"MAXLIGHT\">\n                                            <img decoding=\"async\" src=\"https:\/\/ledco.sk\/wp-content\/uploads\/2025\/07\/Katalog-svietidiel-MAXLIGHT-2025-Titulka-1-200x216.png\" srcset=\"https:\/\/ledco.sk\/wp-content\/uploads\/2025\/07\/Katalog-svietidiel-MAXLIGHT-2025-Titulka-1-200x216.png 1x, https:\/\/ledco.sk\/wp-content\/uploads\/2025\/07\/Katalog-svietidiel-MAXLIGHT-2025-Titulka-1-366x432.png 2x\" alt=\"\">                                            <div class=\"catalog-slider-name\">\n                                                <h4 class=\"text-center\">MAXLIGHT <\/h4>\n                                            <\/div>\n                                        <\/a>\n                                    <\/div>\n                                <\/div>\n                                                            <div>\n                                    <div class=\"catalog-slider-item\">\n                                        <a href=\"https:\/\/ledco.sk\/cs\/katalogy\/il-fanale\/\" title=\"IL FANALE\">\n                                            <img decoding=\"async\" src=\"https:\/\/ledco.sk\/wp-content\/uploads\/2025\/07\/Katalog-svietidiel-IL-FANALE-2024-Titulka-200x216.png\" srcset=\"https:\/\/ledco.sk\/wp-content\/uploads\/2025\/07\/Katalog-svietidiel-IL-FANALE-2024-Titulka-200x216.png 1x, https:\/\/ledco.sk\/wp-content\/uploads\/2025\/07\/Katalog-svietidiel-IL-FANALE-2024-Titulka-400x432.png 2x\" alt=\"\">                                            <div class=\"catalog-slider-name\">\n                                                <h4 class=\"text-center\">IL FANALE <\/h4>\n                                            <\/div>\n                                        <\/a>\n                                    <\/div>\n                                <\/div>\n                                                            <div>\n                                    <div class=\"catalog-slider-item\">\n                                        <a href=\"https:\/\/ledco.sk\/cs\/katalogy\/elstead-lighting-outdoor\/\" title=\"ELSTEAD LIGHTING \u2013 OUTDOOR\">\n                                            <img decoding=\"async\" src=\"https:\/\/ledco.sk\/wp-content\/uploads\/2025\/07\/Katalog-svietidiel-Elstead-Lighting-outdoor-2024-Titulka-200x216.png\" srcset=\"https:\/\/ledco.sk\/wp-content\/uploads\/2025\/07\/Katalog-svietidiel-Elstead-Lighting-outdoor-2024-Titulka-200x216.png 1x, https:\/\/ledco.sk\/wp-content\/uploads\/2025\/07\/Katalog-svietidiel-Elstead-Lighting-outdoor-2024-Titulka-400x432.png 2x\" alt=\"\">                                            <div class=\"catalog-slider-name\">\n                                                <h4 class=\"text-center\">ELSTEAD LIGHTING \u2013 OUTDOOR <\/h4>\n                                            <\/div>\n                                        <\/a>\n                                    <\/div>\n                                <\/div>\n                                                            <div>\n                                    <div class=\"catalog-slider-item\">\n                                        <a href=\"https:\/\/ledco.sk\/cs\/katalogy\/maytoni-decorative\/\" title=\"MAYTONI DECORATIVE\">\n                                            <img decoding=\"async\" src=\"https:\/\/ledco.sk\/wp-content\/uploads\/2025\/07\/Katalog-MAYTONI-titulka-200x216.jpg\" srcset=\"https:\/\/ledco.sk\/wp-content\/uploads\/2025\/07\/Katalog-MAYTONI-titulka-200x216.jpg 1x, https:\/\/ledco.sk\/wp-content\/uploads\/2025\/07\/Katalog-MAYTONI-titulka-350x432.jpg 2x\" alt=\"Objavte dekorat\u00edvne a vonkaj\u0161ie svietidl\u00e1 Maytoni 2025. \u0160t\u00fdlov\u00e9 lustre, n\u00e1stenn\u00e9 a z\u00e1vesn\u00e9 svietidl\u00e1 pre modern\u00fd interi\u00e9r a exteri\u00e9r. Stiahnite si katal\u00f3g v PDF.\">                                            <div class=\"catalog-slider-name\">\n                                                <h4 class=\"text-center\">MAYTONI DECORATIVE <\/h4>\n                                            <\/div>\n                                        <\/a>\n                                    <\/div>\n                                <\/div>\n                                                            <div>\n                                    <div class=\"catalog-slider-item\">\n                                        <a href=\"https:\/\/ledco.sk\/cs\/katalogy\/elstead-lighting-indoor\/\" title=\"ELSTEAD LIGHTING &#8211; INDOOR\">\n                                            <img decoding=\"async\" src=\"https:\/\/ledco.sk\/wp-content\/uploads\/2025\/07\/Katalog-svietidiel-Elstead-Lighting-2024-Titulka-200x216.png\" srcset=\"https:\/\/ledco.sk\/wp-content\/uploads\/2025\/07\/Katalog-svietidiel-Elstead-Lighting-2024-Titulka-200x216.png 1x, https:\/\/ledco.sk\/wp-content\/uploads\/2025\/07\/Katalog-svietidiel-Elstead-Lighting-2024-Titulka-400x432.png 2x\" alt=\"\">                                            <div class=\"catalog-slider-name\">\n                                                <h4 class=\"text-center\">ELSTEAD LIGHTING &#8211; INDOOR <\/h4>\n                                            <\/div>\n                                        <\/a>\n                                    <\/div>\n                                <\/div>\n                                                            <div>\n                                    <div class=\"catalog-slider-item\">\n                                        <a href=\"https:\/\/ledco.sk\/cs\/katalogy\/bomma\/\" title=\"BOMMA\">\n                                            <img decoding=\"async\" src=\"https:\/\/ledco.sk\/wp-content\/uploads\/2025\/07\/Katalog-svietidiel-Bomma-2025-titulka-200x216.png\" srcset=\"https:\/\/ledco.sk\/wp-content\/uploads\/2025\/07\/Katalog-svietidiel-Bomma-2025-titulka-200x216.png 1x, https:\/\/ledco.sk\/wp-content\/uploads\/2025\/07\/Katalog-svietidiel-Bomma-2025-titulka-400x432.png 2x\" alt=\"Tituln\u00e1 strana katal\u00f3gu ru\u010dne vyr\u00e1ban\u00fdch sklenen\u00fdch svietidiel BOMMA 2025\">                                            <div class=\"catalog-slider-name\">\n                                                <h4 class=\"text-center\">BOMMA <\/h4>\n                                            <\/div>\n                                        <\/a>\n                                    <\/div>\n                                <\/div>\n                                                <\/div>\n                    <div class=\"catalog-slider-nav\">\n                        <button id=\"cat-prev-arrow\" class=\"btn-slick slick-left\"><i class=\"ledco-arrow-left\"><\/i>\n                        <\/button>\n                        <button id=\"cat-next-arrow\" class=\"btn-slick slick-right\"><i class=\"ledco-arrow-right\"><\/i>\n                        <\/button>\n                    <\/div>\n                <\/div>\n            <\/div>\n        <\/div>\n    <\/section>\n\n\n\n\n    <section id=\"block_dc636ccafd9f33d6363212f8cc115300\" class=\"section-green py-md-15 py-9 section  section-newsletter align-full\">\n                <div class=\"container\">\n            <div class=\"row\">\n                <div class=\"col-12\">\n                    <div class=\"newsletter-wrap\">\n                        <div class=\"newsletter-text\">\n                            <h3>\n                                Bu\u010fte informov\u00e1ni\r\no novink\u00e1ch a akc\u00edch                            <\/h3>\n                            <p class=\"undertitle\">P\u0159ihlas se k odb\u011bru novinek<\/p>\n                        <\/div>\n                        <div class=\"newsletter-form\">\n                            <script>(function() {\n\twindow.mc4wp = window.mc4wp || {\n\t\tlisteners: [],\n\t\tforms: {\n\t\t\ton: function(evt, cb) {\n\t\t\t\twindow.mc4wp.listeners.push(\n\t\t\t\t\t{\n\t\t\t\t\t\tevent   : evt,\n\t\t\t\t\t\tcallback: cb\n\t\t\t\t\t}\n\t\t\t\t);\n\t\t\t}\n\t\t}\n\t}\n})();\n<\/script><!-- Mailchimp for WordPress v4.10.3 - https:\/\/wordpress.org\/plugins\/mailchimp-for-wp\/ --><form id=\"mc4wp-form-1\" class=\"mc4wp-form mc4wp-form-100583\" method=\"post\" data-id=\"100583\" data-name=\"Web newsletter\" ><div class=\"mc4wp-form-fields\"><div class=\"col\">\r\n  <div class=\"mc4wp-form-fields\">\r\n    <input class=\"email\" type=\"email\" placeholder=\"v\u00e1\u0161 e-mail\" name=\"EMAIL\" required=\"\"><button class=\"newsletter-btn btn btn-primary\" type=\"submit\">Odosla\u0165<\/button>\r\n  <\/div>\r\n<\/div>\r\n\r\n\r\n<\/div><label style=\"display: none !important;\">Leave this field empty if you&#8217;re human: <input type=\"text\" name=\"_mc4wp_honeypot\" value=\"\" tabindex=\"-1\" autocomplete=\"off\" \/><\/label><input type=\"hidden\" name=\"_mc4wp_timestamp\" value=\"1788673872\" \/><input type=\"hidden\" name=\"_mc4wp_form_id\" value=\"100583\" \/><input type=\"hidden\" name=\"_mc4wp_form_element_id\" value=\"mc4wp-form-1\" \/><div class=\"mc4wp-response\"><\/div><\/form><!-- \/ Mailchimp for WordPress Plugin -->                        <\/div>\n                    <\/div>\n                <\/div>\n            <\/div>\n        <\/div>\n    <\/section>\n\n\n\n\n    <section id=\"block_ca01972de9058f7adf2df4f0a04fad2f\" class=\"section-transparent mb-5 mb-md-9 mt-15 section  section-news align-full\">\n        <div class=\"container\">\n            <div class=\"row\">\n                <div class=\"col-12\">\n                    <h1 class=\"mb-10 text-center\">Novinky<\/h1>\n                <\/div>\n            <\/div>\n            <div class=\"row\">\n                                            <div class=\"col-lg-4 col-md-6\">\n                                <div class=\"section-news-wrap\">\n                                    <a href=\"https:\/\/ledco.sk\/cs\/kdyz-se-svetlo-stane-podpisem-prostoru-pribeh-miesta\/\" title=\"Kdy\u017e se sv\u011btlo stane podpisem prostoru: p\u0159\u00edb\u011bh MIESTA\">\n                                        <img decoding=\"async\" src=\"https:\/\/ledco.sk\/wp-content\/uploads\/2026\/08\/ledco-u-vas-doma-miesto-nove-mesto-nad-vahom-430x320.png\" srcset=\"https:\/\/ledco.sk\/wp-content\/uploads\/2026\/08\/ledco-u-vas-doma-miesto-nove-mesto-nad-vahom-430x320.png 1x, https:\/\/ledco.sk\/wp-content\/uploads\/2026\/08\/ledco-u-vas-doma-miesto-nove-mesto-nad-vahom-720x640.png 2x\" alt=\"COLORS NNR40 RGBW 360 NeonFlex v priestore MIESTO v Novom Meste nad V\u00e1hom\">                                        <div class=\"my-2\"><span class=\"posted-on\"><time class=\"entry-date published updated\" datetime=\"2026-08-25T12:20:07+02:00\">25. srpna 2026<\/time><\/span><\/div>\n                                        <h3 class=\"pb-5 mb-5\">Kdy\u017e se sv\u011btlo stane podpisem prostoru: p\u0159\u00edb\u011bh MIESTA<\/h3>\n                                        <p>MIESTO v Nov\u00e9m Mest\u011b nad V\u00e1hom vznikalo postupn\u011b \u2013 z osobn\u00edho vztahu majitele k prostoru, vlastn\u00ed p\u0159edstavy&#8230;<\/p>\n                                    <\/a>\n                                <\/div>\n                            <\/div>\n                                                    <div class=\"col-lg-4 col-md-6\">\n                                <div class=\"section-news-wrap\">\n                                    <a href=\"https:\/\/ledco.sk\/cs\/afterglow-by-ledco-svetlo-design-a-setkavani-v-nasem-showroomu\/\" title=\"Afterglow by LEDCO: sv\u011btlo, design a setk\u00e1v\u00e1n\u00ed v na\u0161em showroomu\">\n                                        <img decoding=\"async\" src=\"https:\/\/ledco.sk\/wp-content\/uploads\/2026\/07\/afterglow-ledco-networking-architekti-trnava-2026_titulka_1-430x320.png\" srcset=\"https:\/\/ledco.sk\/wp-content\/uploads\/2026\/07\/afterglow-ledco-networking-architekti-trnava-2026_titulka_1-430x320.png 1x, https:\/\/ledco.sk\/wp-content\/uploads\/2026\/07\/afterglow-ledco-networking-architekti-trnava-2026_titulka_1-860x640.png 2x\" alt=\"\">                                        <div class=\"my-2\"><span class=\"posted-on\"><time class=\"entry-date published updated\" datetime=\"2026-07-29T21:27:32+02:00\">29. \u010dervence 2026<\/time><\/span><\/div>\n                                        <h3 class=\"pb-5 mb-5\">Afterglow by LEDCO: sv\u011btlo, design a setk\u00e1v\u00e1n\u00ed v na\u0161em showroomu<\/h3>\n                                        <p>Showroom LEDCO v Trnav\u011b se 17. \u010dervna 2026 prom\u011bnil v m\u00edsto setk\u00e1v\u00e1n\u00ed, inspirace a objevov\u00e1n\u00ed nov\u00fdch&#8230;<\/p>\n                                    <\/a>\n                                <\/div>\n                            <\/div>\n                                                    <div class=\"col-lg-4 col-md-6\">\n                                <div class=\"section-news-wrap\">\n                                    <a href=\"https:\/\/ledco.sk\/cs\/domov-ktery-meni-atmosferu-jedinym-kliknutim-miskuv-pribeh\/\" title=\"Domov, kter\u00fd m\u011bn\u00ed atmosf\u00e9ru jedin\u00fdm kliknut\u00edm: Mi\u0161k\u016fv p\u0159\u00edb\u011bh\">\n                                        <img decoding=\"async\" src=\"https:\/\/ledco.sk\/wp-content\/uploads\/2026\/07\/ledco-u-vas-doma-Minimalisticky-interier-s-dorazom-na-detail-1-430x320.png\" srcset=\"https:\/\/ledco.sk\/wp-content\/uploads\/2026\/07\/ledco-u-vas-doma-Minimalisticky-interier-s-dorazom-na-detail-1-430x320.png 1x, https:\/\/ledco.sk\/wp-content\/uploads\/2026\/07\/ledco-u-vas-doma-Minimalisticky-interier-s-dorazom-na-detail-1-484x640.png 2x\" alt=\"\">                                        <div class=\"my-2\"><span class=\"posted-on\"><time class=\"entry-date published\" datetime=\"2026-07-28T09:38:09+02:00\">28. \u010dervence 2026<\/time><\/span><\/div>\n                                        <h3 class=\"pb-5 mb-5\">Domov, kter\u00fd m\u011bn\u00ed atmosf\u00e9ru jedin\u00fdm kliknut\u00edm: Mi\u0161k\u016fv p\u0159\u00edb\u011bh<\/h3>\n                                        <p>Mi\u0161ko m\u011bl jasnou p\u0159edstavu o sv\u00e9m nov\u00e9m domov\u011b. S pomoc\u00ed LEDCO ji dot\u00e1hl do detail\u016f a vytvo\u0159il osv\u011btlen\u00ed,&#8230;<\/p>\n                                    <\/a>\n                                <\/div>\n                            <\/div>\n                                        <div class=\"col-12 text-center my-9\">\n                    <a class=\"btn btn-green\" href=\"https:\/\/ledco.sk\/cs\/blog\/\" target=\"_self\" title=\"Dal\u0161\u00ed novinky\">Dal\u0161\u00ed novinky<\/a>\n                <\/div>\n                                <\/div>\n        <\/div>\n    <\/section>\n\n\n\n\n    <section id=\"block_1e9fc384baa74002d7360d32ec2b3570\" class=\" py-0 section  section-divider align-full\">\n        <div class=\"container\">\n            <div class=\"row\">\n                <div class=\"col-12\">\n                    <div class=\"divider color-green\"><\/div>\n                <\/div>\n            <\/div>\n        <\/div>\n    <\/section>\n\n\n\n    <section id=\"block_15081bc716c9197848c403e73d3cecd9\" class=\"section-transparent my-9 my-md-15 section  section-reference align-full\">\n        <div class=\"container\">\n                        <div class=\"row\">\n                <div class=\"col-12\">\n                    <h1 class=\"mb-10 text-center\">\u0158ekli o n\u00e1s<\/h1>\n                <\/div>\n            <\/div>\n                        <div class=\"row\">\n                <div class=\"col-12\">\n                    <div class=\"reference-wrap\">\n                        <div id=\"reference-slider\">\n                                                            <div>\n                                    <div class=\"reference-slider-item\">\n                                        <div class=\"reference-person-wrap d-flex\">\n                                            <div class=\"reference-face\">\n                                                <img decoding=\"async\" src=\"https:\/\/ledco.sk\/wp-content\/uploads\/2020\/02\/person-2-75x75.jpg\" srcset=\"https:\/\/ledco.sk\/wp-content\/uploads\/2020\/02\/person-2-75x75.jpg 1x, https:\/\/ledco.sk\/wp-content\/uploads\/2020\/02\/person-2.jpg 2x\" alt=\"\">                                            <\/div>\n                                            <div class=\"reference-person\">\n                                                <h3 class=\"reference-name\">Jana Drobn\u00e1<\/h3>\n                                                <p class=\"reference-position\">Architekt<\/p>\n                                            <\/div>\n                                        <\/div>\n                                        <p class=\"reference-text\">\n                                            S Ledco-m spolupracujeme od roku 2016. Ze za\u010d\u00e1tku n\u00e1s oslovila jednoduchost, kreativita a \u010distota designu, kter\u00fd byl p\u0159i zad\u00e1v\u00e1n\u00ed na\u0161\u00edm c\u00edlem a kter\u00fd n\u00e1m splnili na v\u00fdbornou. Nad\u00e1le s nimi spolupracujeme p\u0159i dal\u0161\u00edch projektech na Slovensku a firmu mohu jen doporu\u010dit. &quot;                                        <\/p>\n                                    <\/div>\n                                <\/div>\n                                                            <div>\n                                    <div class=\"reference-slider-item\">\n                                        <div class=\"reference-person-wrap d-flex\">\n                                            <div class=\"reference-face\">\n                                                                                            <\/div>\n                                            <div class=\"reference-person\">\n                                                <h3 class=\"reference-name\">Miro Dubni\u010dka<\/h3>\n                                                <p class=\"reference-position\">Facility manager<\/p>\n                                            <\/div>\n                                        <\/div>\n                                        <p class=\"reference-text\">\n                                            V\u00e1\u017e\u00edm si jejich flexibilitu, pozitivn\u00ed p\u0159\u00edstup k pr\u00e1ci a osobn\u00ed zan\u00edcen\u00ed v\u0161ech \u010dlen\u016f t\u00fdmu. V\u017edy n\u00e1m navrhli, vyrobili a dodali vhodn\u00e9 a cenov\u011b dostupn\u00e9 \u0159e\u0161en\u00ed osv\u011btlen\u00ed, kter\u00e9 bychom na trhu jen t\u011b\u017eko hledali.                                        <\/p>\n                                    <\/div>\n                                <\/div>\n                                                            <div>\n                                    <div class=\"reference-slider-item\">\n                                        <div class=\"reference-person-wrap d-flex\">\n                                            <div class=\"reference-face\">\n                                                <img decoding=\"async\" src=\"https:\/\/ledco.sk\/wp-content\/uploads\/2020\/02\/person-3-75x75.jpg\" srcset=\"https:\/\/ledco.sk\/wp-content\/uploads\/2020\/02\/person-3-75x75.jpg 1x, https:\/\/ledco.sk\/wp-content\/uploads\/2020\/02\/person-3.jpg 2x\" alt=\"\">                                            <\/div>\n                                            <div class=\"reference-person\">\n                                                <h3 class=\"reference-name\">Jozef Urban<\/h3>\n                                                <p class=\"reference-position\">Z\u00e1kazn\u00edk<\/p>\n                                            <\/div>\n                                        <\/div>\n                                        <p class=\"reference-text\">\n                                            \u0158eknu up\u0159\u00edmn\u011b v\u0161em, \u017ee jsem v\u00edce ne\u017e spokojen\u00fd s prac\u00ed a profesionalitou t\u00fdmu Ledce. Z\u00e1rove\u0148 d\u011bkuji za spolupr\u00e1ci a dr\u017e\u00edm palce, aby jim nasazen\u00ed a komunikace se z\u00e1kazn\u00edky vydr\u017eela a byla inspirac\u00ed na dlouh\u00e9 roky pln\u00e9 plodn\u00e9 pr\u00e1ce.                                        <\/p>\n                                    <\/div>\n                                <\/div>\n                                                    <\/div>\n                        <div class=\"reference-slider-nav\">\n                            <button id=\"ref-prev-arrow\" class=\"btn-slick slick-left\"><i class=\"ledco-arrow-left\"><\/i>\n                            <\/button>\n                            <button id=\"ref-next-arrow\" class=\"btn-slick slick-right\"><i class=\"ledco-arrow-right\"><\/i>\n                            <\/button>\n                        <\/div>\n                    <\/div>\n                <\/div>\n            <\/div>\n        <\/div>\n    <\/section>\n\n\n\n\n    <section id=\"block_dfe81335ef5862e588e590faa0d05987\" class=\"section-gray py-9 py-md-15 section  section-contact align-full\">\n        <div class=\"container\">\n            <div class=\"row\">\n                <div class=\"col-lg-6 px-xl-11 px-lg-6 border-right\">\n                    <div class=\"contact-form\">\n                        <h1 class=\"text-center\">Napi\u0161te n\u00e1m<\/h1>\n                        \n<div class=\"wpcf7 no-js\" id=\"wpcf7-f10-o1\" lang=\"sk-SK\" dir=\"ltr\" data-wpcf7-id=\"10\">\n<div class=\"screen-reader-response\"><p role=\"status\" aria-live=\"polite\" aria-atomic=\"true\"><\/p> <ul><\/ul><\/div>\n<form action=\"\/cs\/wp-json\/wp\/v2\/pages\/532#wpcf7-f10-o1\" method=\"post\" class=\"wpcf7-form init\" id=\"front-contact\" aria-label=\"Contact form\" novalidate=\"novalidate\" data-status=\"init\">\n<div style=\"display: none;\">\n<input type=\"hidden\" name=\"_wpcf7\" value=\"10\" \/>\n<input type=\"hidden\" name=\"_wpcf7_version\" value=\"6.0.6\" \/>\n<input type=\"hidden\" name=\"_wpcf7_locale\" value=\"sk_SK\" \/>\n<input type=\"hidden\" name=\"_wpcf7_unit_tag\" value=\"wpcf7-f10-o1\" \/>\n<input type=\"hidden\" name=\"_wpcf7_container_post\" value=\"0\" \/>\n<input type=\"hidden\" name=\"_wpcf7_posted_data_hash\" value=\"\" \/>\n<\/div>\n<div>\n\t<p><span class=\"wpcf7-form-control-wrap\" data-name=\"field-name\"><input size=\"40\" maxlength=\"400\" class=\"wpcf7-form-control wpcf7-text w-100\" aria-invalid=\"false\" placeholder=\"Meno a Priezvisko\" value=\"\" type=\"text\" name=\"field-name\" \/><\/span>\n\t<\/p>\n<\/div>\n<div>\n\t<p><span class=\"wpcf7-form-control-wrap\" data-name=\"field-email\"><input size=\"40\" maxlength=\"400\" class=\"wpcf7-form-control wpcf7-email wpcf7-validates-as-required wpcf7-text wpcf7-validates-as-email w-100\" aria-required=\"true\" aria-invalid=\"false\" placeholder=\"E-mail*\" value=\"\" type=\"email\" name=\"field-email\" \/><\/span>\n\t<\/p>\n<\/div>\n<div>\n\t<p><span class=\"wpcf7-form-control-wrap\" data-name=\"field-sprava\"><textarea cols=\"40\" rows=\"5\" maxlength=\"2000\" class=\"wpcf7-form-control wpcf7-textarea wpcf7-validates-as-required w-100\" aria-required=\"true\" aria-invalid=\"false\" placeholder=\"Spr\u00e1va pre n\u00e1s*\" name=\"field-sprava\"><\/textarea><\/span>\n\t<\/p>\n<\/div>\n<div style=\"padding-left: 5px; padding-right: 5px;\">\n\t<p>Va\u0161e osobn\u00e9 \u00fadaje sprac\u00favame za \u00fa\u010delom vybavenia Va\u0161ej spr\u00e1vy \/ dopytu. Viac inform\u00e1ci\u00ed n\u00e1jdete <a href=\"\/ochrana-osobnych-udajov\/\" title=\"Ochrana osobn\u00fdch \u00fadajov\" target=\"_blank\">tu<\/a>.\n\t<\/p>\n<\/div>\n<div class=\"text-center\">\n\t<p><input class=\"wpcf7-form-control wpcf7-submit has-spinner btn btn-primary\" type=\"submit\" value=\"Odosla\u0165\" \/>\n\t<\/p>\n<\/div><div class=\"wpcf7-response-output\" aria-hidden=\"true\"><\/div>\n<\/form>\n<\/div>\n                    <\/div>\n                <\/div>\n                <div class=\"col-lg-6\">\n                    <div class=\"opening-hours-wrap\">\n                        <div class=\"row\">\n                            <div class=\"col-12 px-xl-11 px-lg-6 pb-6\">\n                                <div class=\"embed-responsive embed-responsive-16by9\">\n                                    <iframe style=\"border: 0;\" src=\"https:\/\/www.google.com\/maps\/embed?pb=!1m18!1m12!1m3!1d2650.417422727947!2d17.593607915657195!3d48.37171717924271!2m3!1f0!2f0!3f0!3m2!1i1024!2i768!4f13.1!3m3!1m2!1s0x476b5f818afa816d%3A0x2cb3e6d1fc0b749a!2sLEDCO%20s.r.o.%20-%20svietidl%C3%A1%2C%20n%C3%A1vrh%20a%20realiz%C3%A1cia%20osvetlenia!5e0!3m2!1sen!2ssk!4v1575743132855!5m2!1sen!2ssk\" width=\"540\" height=\"303\" frameborder=\"0\" allowfullscreen=\"allowfullscreen\"><\/iframe>                                <\/div>\n                            <\/div>\n                        <\/div>\n                        <div class=\"row\" itemscope itemtype=\"https:\/\/schema.org\/Store\">\n                            <div class=\"col-12 px-xl-11  px-lg-6 px-md-11\">\n                                <h1 class=\"text-center h5\" itemprop=\"name\">LEDCO s.r.o.<\/h1>\n                                <p class=\"text-center\" itemprop=\"description\">Prodej sv\u00edtidel, Projekty, N\u00e1vrhy a Realizace osv\u011btlen\u00ed<\/p>\n                            <\/div>\n                            <div class=\"opening-hours col-6 offset-3 offset-sm-0 pl-xl-11 pl-lg-6 pl-md-11 pl-sm-6\">\n                                <p itemprop=\"openingHours\" content=\"Po 08:00 - 17:00\"><span class=\"oh-day\">Po<\/span><span class=\"oh-time\">08:00 &#8211; 17:00<\/span><\/p><p itemprop=\"openingHours\" content=\"\u00dat 08:00 - 17:00\"><span class=\"oh-day\">\u00dat<\/span><span class=\"oh-time\">08:00 &#8211; 17:00<\/span><\/p><p itemprop=\"openingHours\" content=\"St 08:00 - 17:00\"><span class=\"oh-day\">St<\/span><span class=\"oh-time\">08:00 &#8211; 17:00<\/span><\/p><p itemprop=\"openingHours\" content=\"\u010ct 08:00 - 17:00\"><span class=\"oh-day\">\u010ct<\/span><span class=\"oh-time\">08:00 &#8211; 17:00<\/span><\/p><p itemprop=\"openingHours\" content=\"P\u00e1 08:00 - 17:00\"><span class=\"oh-day\">P\u00e1<\/span><span class=\"oh-time\">08:00 &#8211; 17:00<\/span><\/p><p itemprop=\"openingHours\" content=\"So zav\u0159eno\"><span class=\"oh-day\">So<\/span><span class=\"oh-time\">zav\u0159eno<\/span><\/p><p itemprop=\"openingHours\" content=\"Ne zav\u0159eno\"><span class=\"oh-day\">Ne<\/span><span class=\"oh-time\">zav\u0159eno<\/span><\/p>                            <\/div>\n                            <div class=\"address col-6 offset-3 offset-sm-0 pr-xl-11 pl-xl-8 pr-lg-6 pl-lg-6 pl-md-11\">\n                                <address itemprop=\"address\" itemscope itemtype=\"https:\/\/schema.org\/PostalAddress\">\n                                    <span itemprop=\"streetAddress\">Logistick\u00e1 11<\/span><br>\n                                    <span itemprop=\"postalCode\">91701<\/span> <span\n                                            itemprop=\"addressLocality\">Trnava<\/span><br>\n                                    <span itemprop=\"addressRegion\">Slovensko<\/span>\n                                <\/address>\n                                <span itemprop=\"telephone\">+421 948 708 008<\/span><br>\n                                                                <a href=\"mailto:ledco@ledco.sk\" itemprop=\"email\">ledco@ledco.sk<\/a>\n                            <\/div>\n                        <\/div>\n                    <\/div>\n                <\/div>\n            <\/div>\n        <\/div>\n    <\/section>\n\n","protected":false},"excerpt":{"rendered":"","protected":false},"author":1,"featured_media":0,"parent":0,"menu_order":0,"comment_status":"closed","ping_status":"closed","template":"","meta":{"_acf_changed":false,"footnotes":""},"class_list":["post-532","page","type-page","status-publish","hentry"],"acf":[],"yoast_head":"<!-- This site is optimized with the Yoast SEO plugin v28.1 - https:\/\/yoast.com\/product\/yoast-seo-wordpress\/ -->\n<title>Sv\u00edtidla, n\u00e1vrh a realizace osv\u011btlen\u00ed | LEDCO<\/title>\n<meta name=\"description\" content=\"Navrhujeme, dod\u00e1v\u00e1me a realizujeme osv\u011btlen\u00ed pro firmy, \u0161koly, pr\u016fmysl i dom\u00e1cnosti. Sv\u00edtidla, v\u00fdpo\u010dty DIALux, \u0159\u00edzen\u00ed DALI a showroom v Trnav\u011b.\" \/>\n<meta name=\"robots\" content=\"index, follow, max-snippet:-1, max-image-preview:large, max-video-preview:-1\" \/>\n<link rel=\"canonical\" href=\"https:\/\/ledco.sk\/cs\/\" \/>\n<meta property=\"og:locale\" content=\"cs_CZ\" \/>\n<meta property=\"og:type\" content=\"article\" \/>\n<meta property=\"og:title\" content=\"Sv\u00edtidla, n\u00e1vrh a realizace osv\u011btlen\u00ed | LEDCO\" \/>\n<meta property=\"og:description\" content=\"Navrhujeme, dod\u00e1v\u00e1me a realizujeme osv\u011btlen\u00ed pro firmy, \u0161koly, pr\u016fmysl i dom\u00e1cnosti. Sv\u00edtidla, v\u00fdpo\u010dty DIALux, \u0159\u00edzen\u00ed DALI a showroom v Trnav\u011b.\" \/>\n<meta property=\"og:url\" content=\"https:\/\/ledco.sk\/cs\/\" \/>\n<meta property=\"og:site_name\" content=\"Ledco\" \/>\n<meta property=\"article:publisher\" content=\"https:\/\/www.facebook.com\/pages\/LEDCO-sro\/172577579457232?fref=ts\" \/>\n<meta property=\"article:modified_time\" content=\"2026-08-03T12:36:38+00:00\" \/>\n<meta name=\"twitter:card\" content=\"summary_large_image\" \/>\n<meta name=\"twitter:site\" content=\"@ledcolighting\" \/>\n<meta name=\"twitter:label1\" content=\"Odhadovan\u00e1 doba \u010dten\u00ed\" \/>\n\t<meta name=\"twitter:data1\" content=\"1 minuta\" \/>\n<script type=\"application\/ld+json\" class=\"yoast-schema-graph\">{\"@context\":\"https:\\\/\\\/schema.org\",\"@graph\":[{\"@type\":\"WebPage\",\"@id\":\"https:\\\/\\\/ledco.sk\\\/cs\\\/\",\"url\":\"https:\\\/\\\/ledco.sk\\\/cs\\\/\",\"name\":\"Sv\u00edtidla, n\u00e1vrh a realizace osv\u011btlen\u00ed | LEDCO\",\"isPartOf\":{\"@id\":\"https:\\\/\\\/ledco.sk\\\/cs\\\/#website\"},\"datePublished\":\"2020-02-14T10:48:39+00:00\",\"dateModified\":\"2026-08-03T12:36:38+00:00\",\"description\":\"Navrhujeme, dod\u00e1v\u00e1me a realizujeme osv\u011btlen\u00ed pro firmy, \u0161koly, pr\u016fmysl i dom\u00e1cnosti. Sv\u00edtidla, v\u00fdpo\u010dty DIALux, \u0159\u00edzen\u00ed DALI a showroom v Trnav\u011b.\",\"breadcrumb\":{\"@id\":\"https:\\\/\\\/ledco.sk\\\/cs\\\/#breadcrumb\"},\"inLanguage\":\"cs\",\"potentialAction\":[{\"@type\":\"ReadAction\",\"target\":[\"https:\\\/\\\/ledco.sk\\\/cs\\\/\"]}]},{\"@type\":\"BreadcrumbList\",\"@id\":\"https:\\\/\\\/ledco.sk\\\/cs\\\/#breadcrumb\",\"itemListElement\":[{\"@type\":\"ListItem\",\"position\":1,\"name\":\"Home\",\"item\":\"https:\\\/\\\/ledco.sk\\\/cs\\\/\"},{\"@type\":\"ListItem\",\"position\":2,\"name\":\"Domovsk\u00e1 str\u00e1nka\"}]},{\"@type\":\"WebSite\",\"@id\":\"https:\\\/\\\/ledco.sk\\\/cs\\\/#website\",\"url\":\"https:\\\/\\\/ledco.sk\\\/cs\\\/\",\"name\":\"Ledco\",\"description\":\"Predaj svietidiel, n\u00e1vrh, poradenstvo a realiz\u00e1cia osvetlenia\",\"publisher\":{\"@id\":\"https:\\\/\\\/ledco.sk\\\/cs\\\/#organization\"},\"potentialAction\":[{\"@type\":\"SearchAction\",\"target\":{\"@type\":\"EntryPoint\",\"urlTemplate\":\"https:\\\/\\\/ledco.sk\\\/cs\\\/?s={search_term_string}\"},\"query-input\":{\"@type\":\"PropertyValueSpecification\",\"valueRequired\":true,\"valueName\":\"search_term_string\"}}],\"inLanguage\":\"cs\"},{\"@type\":\"Organization\",\"@id\":\"https:\\\/\\\/ledco.sk\\\/cs\\\/#organization\",\"name\":\"LEDCO s.r.o.\",\"url\":\"https:\\\/\\\/ledco.sk\\\/cs\\\/\",\"logo\":{\"@type\":\"ImageObject\",\"inLanguage\":\"cs\",\"@id\":\"https:\\\/\\\/ledco.sk\\\/cs\\\/#\\\/schema\\\/logo\\\/image\\\/\",\"url\":\"https:\\\/\\\/ledco.sk\\\/wp-content\\\/uploads\\\/2020\\\/03\\\/Logo_LEDCO.jpg\",\"contentUrl\":\"https:\\\/\\\/ledco.sk\\\/wp-content\\\/uploads\\\/2020\\\/03\\\/Logo_LEDCO.jpg\",\"width\":230,\"height\":73,\"caption\":\"LEDCO s.r.o.\"},\"image\":{\"@id\":\"https:\\\/\\\/ledco.sk\\\/cs\\\/#\\\/schema\\\/logo\\\/image\\\/\"},\"sameAs\":[\"https:\\\/\\\/www.facebook.com\\\/pages\\\/LEDCO-sro\\\/172577579457232?fref=ts\",\"https:\\\/\\\/x.com\\\/ledcolighting\",\"https:\\\/\\\/www.instagram.com\\\/ledco_lighting\\\/\",\"https:\\\/\\\/pinterest.com\\\/ledcolighting\\\/\",\"https:\\\/\\\/www.youtube.com\\\/user\\\/ledcoled\"]}]}<\/script>\n<!-- \/ Yoast SEO plugin. -->","yoast_head_json":{"title":"Sv\u00edtidla, n\u00e1vrh a realizace osv\u011btlen\u00ed | LEDCO","description":"Navrhujeme, dod\u00e1v\u00e1me a realizujeme osv\u011btlen\u00ed pro firmy, \u0161koly, pr\u016fmysl i dom\u00e1cnosti. Sv\u00edtidla, v\u00fdpo\u010dty DIALux, \u0159\u00edzen\u00ed DALI a showroom v Trnav\u011b.","robots":{"index":"index","follow":"follow","max-snippet":"max-snippet:-1","max-image-preview":"max-image-preview:large","max-video-preview":"max-video-preview:-1"},"canonical":"https:\/\/ledco.sk\/cs\/","og_locale":"cs_CZ","og_type":"article","og_title":"Sv\u00edtidla, n\u00e1vrh a realizace osv\u011btlen\u00ed | LEDCO","og_description":"Navrhujeme, dod\u00e1v\u00e1me a realizujeme osv\u011btlen\u00ed pro firmy, \u0161koly, pr\u016fmysl i dom\u00e1cnosti. Sv\u00edtidla, v\u00fdpo\u010dty DIALux, \u0159\u00edzen\u00ed DALI a showroom v Trnav\u011b.","og_url":"https:\/\/ledco.sk\/cs\/","og_site_name":"Ledco","article_publisher":"https:\/\/www.facebook.com\/pages\/LEDCO-sro\/172577579457232?fref=ts","article_modified_time":"2026-08-03T12:36:38+00:00","twitter_card":"summary_large_image","twitter_site":"@ledcolighting","twitter_misc":{"Odhadovan\u00e1 doba \u010dten\u00ed":"1 minuta"},"schema":{"@context":"https:\/\/schema.org","@graph":[{"@type":"WebPage","@id":"https:\/\/ledco.sk\/cs\/","url":"https:\/\/ledco.sk\/cs\/","name":"Sv\u00edtidla, n\u00e1vrh a realizace osv\u011btlen\u00ed | LEDCO","isPartOf":{"@id":"https:\/\/ledco.sk\/cs\/#website"},"datePublished":"2020-02-14T10:48:39+00:00","dateModified":"2026-08-03T12:36:38+00:00","description":"Navrhujeme, dod\u00e1v\u00e1me a realizujeme osv\u011btlen\u00ed pro firmy, \u0161koly, pr\u016fmysl i dom\u00e1cnosti. Sv\u00edtidla, v\u00fdpo\u010dty DIALux, \u0159\u00edzen\u00ed DALI a showroom v Trnav\u011b.","breadcrumb":{"@id":"https:\/\/ledco.sk\/cs\/#breadcrumb"},"inLanguage":"cs","potentialAction":[{"@type":"ReadAction","target":["https:\/\/ledco.sk\/cs\/"]}]},{"@type":"BreadcrumbList","@id":"https:\/\/ledco.sk\/cs\/#breadcrumb","itemListElement":[{"@type":"ListItem","position":1,"name":"Home","item":"https:\/\/ledco.sk\/cs\/"},{"@type":"ListItem","position":2,"name":"Domovsk\u00e1 str\u00e1nka"}]},{"@type":"WebSite","@id":"https:\/\/ledco.sk\/cs\/#website","url":"https:\/\/ledco.sk\/cs\/","name":"Ledco","description":"Predaj svietidiel, n\u00e1vrh, poradenstvo a realiz\u00e1cia osvetlenia","publisher":{"@id":"https:\/\/ledco.sk\/cs\/#organization"},"potentialAction":[{"@type":"SearchAction","target":{"@type":"EntryPoint","urlTemplate":"https:\/\/ledco.sk\/cs\/?s={search_term_string}"},"query-input":{"@type":"PropertyValueSpecification","valueRequired":true,"valueName":"search_term_string"}}],"inLanguage":"cs"},{"@type":"Organization","@id":"https:\/\/ledco.sk\/cs\/#organization","name":"LEDCO s.r.o.","url":"https:\/\/ledco.sk\/cs\/","logo":{"@type":"ImageObject","inLanguage":"cs","@id":"https:\/\/ledco.sk\/cs\/#\/schema\/logo\/image\/","url":"https:\/\/ledco.sk\/wp-content\/uploads\/2020\/03\/Logo_LEDCO.jpg","contentUrl":"https:\/\/ledco.sk\/wp-content\/uploads\/2020\/03\/Logo_LEDCO.jpg","width":230,"height":73,"caption":"LEDCO s.r.o."},"image":{"@id":"https:\/\/ledco.sk\/cs\/#\/schema\/logo\/image\/"},"sameAs":["https:\/\/www.facebook.com\/pages\/LEDCO-sro\/172577579457232?fref=ts","https:\/\/x.com\/ledcolighting","https:\/\/www.instagram.com\/ledco_lighting\/","https:\/\/pinterest.com\/ledcolighting\/","https:\/\/www.youtube.com\/user\/ledcoled"]}]}},"_links":{"self":[{"href":"https:\/\/ledco.sk\/cs\/wp-json\/wp\/v2\/pages\/532","targetHints":{"allow":["GET"]}}],"collection":[{"href":"https:\/\/ledco.sk\/cs\/wp-json\/wp\/v2\/pages"}],"about":[{"href":"https:\/\/ledco.sk\/cs\/wp-json\/wp\/v2\/types\/page"}],"author":[{"embeddable":true,"href":"https:\/\/ledco.sk\/cs\/wp-json\/wp\/v2\/users\/1"}],"replies":[{"embeddable":true,"href":"https:\/\/ledco.sk\/cs\/wp-json\/wp\/v2\/comments?post=532"}],"version-history":[{"count":15,"href":"https:\/\/ledco.sk\/cs\/wp-json\/wp\/v2\/pages\/532\/revisions"}],"predecessor-version":[{"id":126353,"href":"https:\/\/ledco.sk\/cs\/wp-json\/wp\/v2\/pages\/532\/revisions\/126353"}],"wp:attachment":[{"href":"https:\/\/ledco.sk\/cs\/wp-json\/wp\/v2\/media?parent=532"}],"curies":[{"name":"wp","href":"https:\/\/api.w.org\/{rel}","templated":true}]}}